{"id":2653,"date":"2019-08-20T11:29:12","date_gmt":"2019-08-20T09:29:12","guid":{"rendered":"https:\/\/www.acquaduci.it\/pozzallo\/"},"modified":"2025-11-09T10:52:18","modified_gmt":"2025-11-09T09:52:18","slug":"pozzallo","status":"publish","type":"page","link":"https:\/\/www.acquaduci.it\/de\/pozzallo\/","title":{"rendered":"Pozzallo"},"content":{"rendered":"\n<div class=\"wp-block-getwid-section is-style-with-big-shadow getwid-section-content-full-width\"><div class=\"wp-block-getwid-section__wrapper\"><div class=\"wp-block-getwid-section__inner-wrapper\"><div class=\"wp-block-getwid-section__background-holder\"><div class=\"wp-block-getwid-section__background has-background has-white-background-color\"><\/div><div class=\"wp-block-getwid-section__foreground\"><\/div><\/div><div class=\"wp-block-getwid-section__content\"><div class=\"wp-block-getwid-section__inner-content\"><div class=\"mphb_sc_search-wrapper is-style-horizontal-form\">\n<form method=\"GET\" class=\"mphb_sc_search-form\" action=\"https:\/\/www.acquaduci.it\/de\/gefundene-apartments\/\" data-first_available_check_in_date=\"2026-09-10\">\n\n\t\n\t<p class=\"mphb_sc_search-check-in-date\">\n\t\t<label for=\"mphb_check_in_date-mphb-search-form-6a9d33b614cd4\">\n\t\t\tAnreise\t\t\t<abbr title=\"Formatiert als dd\/mm\/yyyy\">*<\/abbr>\n\t\t<\/label>\n\t\t<br \/>\n\t\t<input\n\t\t\tid=\"mphb_check_in_date-mphb-search-form-6a9d33b614cd4\"\n\t\t\tdata-datepick-group=\"mphb-search-form-6a9d33b614cd4\"\n\t\t\tvalue=\"\"\n\t\t\tplaceholder=\"Anreisedatum\"\n\t\t\trequired=\"required\"\n\t\t\ttype=\"text\"\n\t\t\tinputmode=\"none\"\n\t\t\tname=\"mphb_check_in_date\"\n\t\t\tclass=\"mphb-datepick\"\n\t\t\tautocomplete=\"off\"\n\t\t\t\/>\n\t<\/p>\n\n\t<p class=\"mphb_sc_search-check-out-date\">\n\t\t<label for=\"mphb_check_out_date-mphb-search-form-6a9d33b614cd4\">\n\t\t\tAbreise\t\t\t<abbr title=\"Formatiert als dd\/mm\/yyyy\">*<\/abbr>\n\t\t<\/label>\n\t\t<br \/>\n\t\t<input\n\t\t\tid=\"mphb_check_out_date-mphb-search-form-6a9d33b614cd4\"\n\t\t\tdata-datepick-group=\"mphb-search-form-6a9d33b614cd4\"\n\t\t\tvalue=\"\"\n\t\t\tplaceholder=\"Abreisedatum\"\n\t\t\trequired=\"required\"\n\t\t\ttype=\"text\"\n\t\t\tinputmode=\"none\"\n\t\t\tname=\"mphb_check_out_date\"\n\t\t\tclass=\"mphb-datepick\"\n\t\t\tautocomplete=\"off\"\n\t\t\t\/>\n\t<\/p>\n\n\t\t\t<p class=\"mphb_sc_search-adults\">\n\t\t\t<label for=\"mphb_adults-mphb-search-form-6a9d33b614cd4\">\n\t\t\t\tErwachsene\t\t\t<\/label>\n\t\t\t<br \/>\n\t\t\t<select id=\"mphb_adults-mphb-search-form-6a9d33b614cd4\" name=\"mphb_adults\" >\n\t\t\t\t\t\t\t\t\t<option value=\"1\" >1<\/option>\n\t\t\t\t\t\t\t\t\t<option value=\"2\"  selected='selected'>2<\/option>\n\t\t\t\t\t\t\t\t\t<option value=\"3\" >3<\/option>\n\t\t\t\t\t\t\t\t\t<option value=\"4\" >4<\/option>\n\t\t\t\t\t\t\t\t\t<option value=\"5\" >5<\/option>\n\t\t\t\t\t\t\t\t\t<option value=\"6\" >6<\/option>\n\t\t\t\t\t\t\t\t\t<option value=\"7\" >7<\/option>\n\t\t\t\t\t\t\t\t\t<option value=\"8\" >8<\/option>\n\t\t\t\t\t\t\t<\/select>\n\t\t<\/p>\n\t\n\t\t\t<p class=\"mphb_sc_search-children\">\n\t\t\t<label for=\"mphb_children-mphb-search-form-6a9d33b614cd4\">\n\t\t\t\tKinder\t\t\t<\/label>\n\t\t\t<br \/>\n\t\t\t<select id=\"mphb_children-mphb-search-form-6a9d33b614cd4\" name=\"mphb_children\">\n\t\t\t\t\t\t\t\t\t<option value=\"0\"  selected='selected'>0<\/option>\n\t\t\t\t\t\t\t\t\t<option value=\"1\" >1<\/option>\n\t\t\t\t\t\t\t\t\t<option value=\"2\" >2<\/option>\n\t\t\t\t\t\t\t\t\t<option value=\"3\" >3<\/option>\n\t\t\t\t\t\t\t\t\t<option value=\"4\" >4<\/option>\n\t\t\t\t\t\t\t<\/select>\n\t\t<\/p>\n\t\n\t\n\t\n\t<input id=\"mphb_check_in_date-mphb-search-form-6a9d33b614cd4-hidden\" value=\"\" type=\"hidden\" name=\"mphb_check_in_date\" \/><input id=\"mphb_check_out_date-mphb-search-form-6a9d33b614cd4-hidden\" value=\"\" type=\"hidden\" name=\"mphb_check_out_date\" \/>\n\t<p class=\"mphb_sc_search-submit-button-wrapper\">\n\t\t<input type=\"submit\" class=\"button\" value=\"Suche\"\/>\n\t<\/p>\n\n\t\n<\/form>\n<\/div><\/div><\/div><\/div><\/div><\/div>\n\n<div class=\"wp-block-uagb-advanced-heading uagb-block-0ec564bd\"><h1 class=\"uagb-heading-text\">Pozzallo<\/h1><\/div>\n\n<p class=\"has-text-align-center wp-block-paragraph\">Audioguides zu den historischen Monumenten und Geb\u00e4uden von Pozzallo, die Sie w\u00e4hrend Ihres Urlaubs besichtigen k\u00f6nnen.<\/p>\n\n<div class=\"wp-block-uagb-advanced-heading uagb-block-b45921f1\"><h2 class=\"uagb-heading-text\">Cabrera-Turm<\/h2><\/div>\n\n<div class=\"wp-block-uagb-container uagb-block-ea0b219b alignfull uagb-is-root-container\"><div class=\"uagb-container-inner-blocks-wrap\">\n<div class=\"wp-block-uagb-container uagb-block-22fa3b5b\">\n<div class=\"wp-block-columns is-layout-flex wp-container-core-columns-is-layout-8f761849 wp-block-columns-is-layout-flex\">\n<div class=\"wp-block-column is-layout-flow wp-block-column-is-layout-flow\">\n<div class=\"wp-block-getwid-video-popup has-image\"><a class=\"wp-block-getwid-video-popup__link\" href=\"https:\/\/youtu.be\/MJ9uPdzLXJI?si=dRZuvWSTN-wOAa5P\"><div class=\"wp-block-getwid-video-popup__wrapper\"><img loading=\"lazy\" decoding=\"async\" width=\"1300\" height=\"867\" src=\"https:\/\/www.acquaduci.it\/wp-content\/uploads\/revslider\/rev-slider-1\/za.webp\" alt=\"\" class=\"wp-block-getwid-video-popup__image wp-block-getwid-video-popup__source wp-image-1940\" srcset=\"https:\/\/www.acquaduci.it\/wp-content\/uploads\/revslider\/rev-slider-1\/za.webp 1300w, https:\/\/www.acquaduci.it\/wp-content\/uploads\/revslider\/rev-slider-1\/za-300x200.webp 300w, https:\/\/www.acquaduci.it\/wp-content\/uploads\/revslider\/rev-slider-1\/za-1024x683.webp 1024w, https:\/\/www.acquaduci.it\/wp-content\/uploads\/revslider\/rev-slider-1\/za-768x512.webp 768w, https:\/\/www.acquaduci.it\/wp-content\/uploads\/revslider\/rev-slider-1\/za-892x595.webp 892w\" sizes=\"auto, (max-width: 1300px) 100vw, 1300px\" \/><div class=\"wp-block-getwid-video-popup__button is-style-default\"><div class=\"wp-block-getwid-video-popup__icon\"><i class=\"fas fa-play\" aria-hidden=\"true\"><\/i><\/div><\/div><\/div><\/a><div class=\"wp-block-getwid-video-popup__caption\"><\/div><\/div>\n<\/div>\n<\/div>\n<\/div>\n\n\n\n<div class=\"wp-block-uagb-container uagb-block-5b6544be\">\n<p class=\"wp-block-paragraph\">Der Cabrera-Turm ist mehr als nur ein Denkmal: Er ist das unbestrittene Wahrzeichen unserer Stadt, eine alte Festung, die einst ein prachtvoller Palast und ein Kontrollpunkt f\u00fcr Waren aus der Grafschaft <a href=\"https:\/\/www.acquaduci.it\/de\/reiserouten\/modica\/\">Modica<\/a> war. Erbaut im 15. Jahrhundert im Auftrag von Graf Giovanni Bernardo Cabrera, ist dieser Turm ein Juwel mittelalterlicher und Renaissance-Architektur, ein wahres Nationaldenkmal. Bewundern Sie seine steile Bastion, die stolz \u00fcber das Mittelmeer ragt, seine Geschichte als Verteidigungsanlage gegen Piraten und die Sch\u00e4den des Erdbebens von 1693, aus dem er sich nur noch majest\u00e4tischer erhob. Was Sie in diesem Video entdecken werden:   <\/p>\n\n\n\n<ul class=\"wp-block-list\">\n<li>Die faszinierende Geschichte des Turms und der Familie Cabrera.<\/li>\n\n\n\n<li>Einzigartige Details des Pozzallo National Monument.<\/li>\n\n\n\n<li>Die Rolle des Turms als \u201eTor zum Mittelmeer\u201c heute.<\/li>\n<\/ul>\n<\/div>\n<\/div><\/div>\n\n<hr class=\"wp-block-separator has-css-opacity is-style-wide\"\/>\n\n<div style=\"height:40px\" aria-hidden=\"true\" class=\"wp-block-spacer\"><\/div>\n\n<div class=\"wp-block-uagb-advanced-heading uagb-block-d1e6ea0a\"><h2 class=\"uagb-heading-text\">Giunta-Palast<\/h2><\/div>\n\n<div class=\"wp-block-uagb-container uagb-block-5d112384 alignfull uagb-is-root-container\"><div class=\"uagb-container-inner-blocks-wrap\">\n<div class=\"wp-block-uagb-container uagb-block-8b9ef266\">\n<div class=\"wp-block-columns is-layout-flex wp-container-core-columns-is-layout-8f761849 wp-block-columns-is-layout-flex\">\n<div class=\"wp-block-column is-layout-flow wp-block-column-is-layout-flow\">\n<div class=\"wp-block-getwid-video-popup has-image\"><a class=\"wp-block-getwid-video-popup__link\" href=\"https:\/\/youtu.be\/4K_5tofJgwQ\"><div class=\"wp-block-getwid-video-popup__wrapper\"><img loading=\"lazy\" decoding=\"async\" width=\"885\" height=\"500\" src=\"https:\/\/www.acquaduci.it\/wp-content\/uploads\/2025\/10\/pozzallo-si-restaura-palazzo-giunta-musso-500.jpg\" alt=\"\" class=\"wp-block-getwid-video-popup__image wp-block-getwid-video-popup__source wp-image-1811\" srcset=\"https:\/\/www.acquaduci.it\/wp-content\/uploads\/2025\/10\/pozzallo-si-restaura-palazzo-giunta-musso-500.jpg 885w, https:\/\/www.acquaduci.it\/wp-content\/uploads\/2025\/10\/pozzallo-si-restaura-palazzo-giunta-musso-500-300x169.jpg 300w, https:\/\/www.acquaduci.it\/wp-content\/uploads\/2025\/10\/pozzallo-si-restaura-palazzo-giunta-musso-500-768x434.jpg 768w\" sizes=\"auto, (max-width: 885px) 100vw, 885px\" \/><div class=\"wp-block-getwid-video-popup__button is-style-default\"><div class=\"wp-block-getwid-video-popup__icon\"><i class=\"fas fa-play\" aria-hidden=\"true\"><\/i><\/div><\/div><\/div><\/a><div class=\"wp-block-getwid-video-popup__caption\"><\/div><\/div>\n<\/div>\n<\/div>\n<\/div>\n\n\n\n<div class=\"wp-block-uagb-container uagb-block-aca6dce7\">\n<p class=\"wp-block-paragraph\">In diesem Video nehmen wir Sie mit auf eine Entdeckungsreise zum imposanten Palazzo Giunta in Pozzallo! Er ist mehr als nur ein Palast: Er ist eines der unbestrittenen Symbole unseres Jugendstils, ein wahres architektonisches Meisterwerk aus dem fr\u00fchen 20. Jahrhundert, das von Enrico Giunta in Auftrag gegeben und von Giambattista Pennavaria entworfen wurde.  <br\/><br\/>Bewundern Sie die geschwungenen Linien, die majest\u00e4tischen Fassaden und die Details, die von Prestige und zeitloser Sch\u00f6nheit erz\u00e4hlen. Einst ein herrschaftliches Anwesen, erhebt es sich heute stolz auf der Piazza delle Rimembranze und ist ein stummer Zeuge der Entwicklung unseres geliebten Pozzallo.  <br\/><br\/>Was Sie in diesem Video entdecken werden: <br\/><\/p>\n\n\n\n<ul class=\"wp-block-list\">\n<li>Einzigartige Details des Jugendstils in <a href=\"https:\/\/www.acquaduci.it\/de\/wann-ist-die-beste-zeit-um-sizilien-zu-besuchen-der-acquaduci-reisefuehrer\/\">Sizilien<\/a>. <\/li>\n\n\n\n<li>Die faszinierende Geschichte der Familie Giunta und des Architekten Pennavaria. <\/li>\n\n\n\n<li>Die Rolle des Palastes als \u00e4sthetischer und historischer Bezugspunkt f\u00fcr die Stadt.<\/li>\n<\/ul>\n<\/div>\n<\/div><\/div>\n\n<div style=\"height:40px\" aria-hidden=\"true\" class=\"wp-block-spacer\"><\/div>\n\n<hr class=\"wp-block-separator has-css-opacity is-style-wide\"\/>\n\n<div class=\"wp-block-uagb-advanced-heading uagb-block-3f1a22e3\"><h2 class=\"uagb-heading-text\">PIAZZA RIMEMBRANZE<\/h2><\/div>\n\n<div class=\"wp-block-uagb-container uagb-block-24b7730b alignfull uagb-is-root-container\"><div class=\"uagb-container-inner-blocks-wrap\">\n<div class=\"wp-block-uagb-container uagb-block-51796c99\">\n<div class=\"wp-block-columns is-layout-flex wp-container-core-columns-is-layout-8f761849 wp-block-columns-is-layout-flex\">\n<div class=\"wp-block-column is-layout-flow wp-block-column-is-layout-flow\">\n<div class=\"wp-block-getwid-video-popup has-image\"><a class=\"wp-block-getwid-video-popup__link\" href=\"https:\/\/youtu.be\/nxg_K6H19Nw\"><div class=\"wp-block-getwid-video-popup__wrapper\"><img loading=\"lazy\" decoding=\"async\" width=\"550\" height=\"413\" src=\"https:\/\/www.acquaduci.it\/wp-content\/uploads\/2025\/10\/photo0jpg.jpg\" alt=\"\" class=\"wp-block-getwid-video-popup__image wp-block-getwid-video-popup__source wp-image-1813\" srcset=\"https:\/\/www.acquaduci.it\/wp-content\/uploads\/2025\/10\/photo0jpg.jpg 550w, https:\/\/www.acquaduci.it\/wp-content\/uploads\/2025\/10\/photo0jpg-300x225.jpg 300w\" sizes=\"auto, (max-width: 550px) 100vw, 550px\" \/><div class=\"wp-block-getwid-video-popup__button is-style-default\"><div class=\"wp-block-getwid-video-popup__icon\"><i class=\"fas fa-play\" aria-hidden=\"true\"><\/i><\/div><\/div><\/div><\/a><div class=\"wp-block-getwid-video-popup__caption\"><\/div><\/div>\n<\/div>\n<\/div>\n<\/div>\n\n\n\n<div class=\"wp-block-uagb-container uagb-block-1d682a8f\">\n<p class=\"wp-block-paragraph\">In diesem Video nehmen wir Sie mit auf eine Entdeckungsreise zur majest\u00e4tischen <strong>Piazza delle Rimembranze!<\/strong> Sie ist mehr als nur ein Platz: Sie ist das Wohnzimmer unserer Stadt, wo Geschichte und Alltag verschmelzen, umrahmt von <strong>Jugendstilarchitektur <\/strong>und erfrischt vom Hebebrunnen, der ikonischen Statue, die \u00fcber uns alle wacht.<br\/><br\/>Bewundern Sie die Eleganz des Palazzo Giunta, die sich im Platz spiegelt, sp\u00fcren Sie die Geschichte und entdecken Sie, warum dieser Ort ein zentraler Treffpunkt f\u00fcr die Einwohner von Pozzallo ist. Seit seiner Gr\u00fcndung bis heute steht der Platz still und stolz da und zeugt vom Wachstum unserer geliebten Stadt. <br\/><br\/><strong>Was Sie in diesem Video entdecken werden:<\/strong><\/p>\n\n\n\n<ul class=\"wp-block-list\">\n<li>Die faszinierende Geschichte des Platzes und seines klangvollen Namens.<\/li>\n\n\n\n<li>Die verborgene Bedeutung des wundersch\u00f6nen <strong>Hebe-Brunnens.<\/strong><\/li>\n\n\n\n<li>Die Rolle des Platzes als Nervenzentrum des sozialen und kulturellen Lebens in Pozzallo.<\/li>\n<\/ul>\n<\/div>\n<\/div><\/div>\n\n<div style=\"height:40px\" aria-hidden=\"true\" class=\"wp-block-spacer\"><\/div>\n\n<hr class=\"wp-block-separator has-css-opacity is-style-wide\"\/>\n\n<div class=\"wp-block-uagb-advanced-heading uagb-block-732c1b8d\"><h2 class=\"uagb-heading-text\">KIRCHE SAN GIOVANNI <\/h2><\/div>\n\n<div class=\"wp-block-uagb-container uagb-block-f4deddfa alignfull uagb-is-root-container\"><div class=\"uagb-container-inner-blocks-wrap\">\n<div class=\"wp-block-uagb-container uagb-block-59d1b473\">\n<div class=\"wp-block-columns is-layout-flex wp-container-core-columns-is-layout-8f761849 wp-block-columns-is-layout-flex\">\n<div class=\"wp-block-column is-layout-flow wp-block-column-is-layout-flow\">\n<div class=\"wp-block-getwid-video-popup has-image\"><a class=\"wp-block-getwid-video-popup__link\" href=\"https:\/\/youtu.be\/HGlISfcSErg\"><div class=\"wp-block-getwid-video-popup__wrapper\"><img loading=\"lazy\" decoding=\"async\" width=\"569\" height=\"850\" src=\"https:\/\/www.acquaduci.it\/wp-content\/uploads\/2025\/10\/Chiesa_S-Giovanni.jpeg\" alt=\"\" class=\"wp-block-getwid-video-popup__image wp-block-getwid-video-popup__source wp-image-1819\" srcset=\"https:\/\/www.acquaduci.it\/wp-content\/uploads\/2025\/10\/Chiesa_S-Giovanni.jpeg 569w, https:\/\/www.acquaduci.it\/wp-content\/uploads\/2025\/10\/Chiesa_S-Giovanni-201x300.jpeg 201w\" sizes=\"auto, (max-width: 569px) 100vw, 569px\" \/><div class=\"wp-block-getwid-video-popup__button is-style-default\"><div class=\"wp-block-getwid-video-popup__icon\"><i class=\"fas fa-play\" aria-hidden=\"true\"><\/i><\/div><\/div><\/div><\/a><div class=\"wp-block-getwid-video-popup__caption\"><\/div><\/div>\n<\/div>\n<\/div>\n<\/div>\n\n\n\n<div class=\"wp-block-uagb-container uagb-block-83aae699\">\n<p class=\"wp-block-paragraph\">In diesem Video nehmen wir Sie mit auf einen Rundgang durch unsere geliebte <strong>Kirche San Giovanni Battista <\/strong>in Pozzallo! Sie ist mehr als nur ein Gotteshaus: Sie ist das spirituelle Herzst\u00fcck unserer Stadt, ein Wahrzeichen, das unsere Gemeinde untrennbar mit ihrem Schutzpatron verbindet, insbesondere w\u00e4hrend der bewegenden Feierlichkeiten im Juni.<br\/><br\/>Bewundern Sie die imposante Architektur, entdecken Sie die Geschichte der kleinen Kirche aus den 1920er Jahren und ihre Entwicklung zum heutigen Gotteshaus aus den 1960er Jahren. Sp\u00fcren Sie die tiefe Hingabe Pozzallos und die bewegende Atmosph\u00e4re der \u201eVarchiata\u201c auf See \u2013 ein einzigartiger Moment, der die Verbundenheit zwischen San Giovanni und unseren Seeleuten w\u00fcrdigt. <br\/><br\/><strong>Was Sie in diesem Video entdecken werden:<\/strong><\/p>\n\n\n\n<ul class=\"wp-block-list\">\n<li>Die Geschichte der Verehrung des Heiligen Johannes des T\u00e4ufers in Pozzallo.<\/li>\n\n\n\n<li>Die Bedeutung der feierlichen Prozession in der Stadt und der stimmungsvollen &#8222;Varchiata&#8220;.<\/li>\n\n\n\n<li>Die tiefe Verbundenheit zwischen Glaube und maritimer Identit\u00e4t unseres Pozzallo.<\/li>\n<\/ul>\n<\/div>\n<\/div><\/div>\n\n<div style=\"height:40px\" aria-hidden=\"true\" class=\"wp-block-spacer\"><\/div>\n\n<hr class=\"wp-block-separator has-css-opacity is-style-wide\"\/>\n\n<div class=\"wp-block-uagb-advanced-heading uagb-block-d6a34fd3\"><h2 class=\"uagb-heading-text\">VILLA TEDESCHI<\/h2><\/div>\n\n<div class=\"wp-block-uagb-container uagb-block-b5df24d6 alignfull uagb-is-root-container\"><div class=\"uagb-container-inner-blocks-wrap\">\n<div class=\"wp-block-uagb-container uagb-block-6aa7163d\">\n<div class=\"wp-block-getwid-video-popup has-image\"><a class=\"wp-block-getwid-video-popup__link\" href=\"https:\/\/youtu.be\/coronyH-kP4\"><div class=\"wp-block-getwid-video-popup__wrapper\"><img loading=\"lazy\" decoding=\"async\" width=\"1772\" height=\"1181\" src=\"https:\/\/www.acquaduci.it\/wp-content\/uploads\/2025\/10\/VillaTedeschi-prospetto.jpg\" alt=\"\" class=\"wp-block-getwid-video-popup__image wp-block-getwid-video-popup__source wp-image-1828\" srcset=\"https:\/\/www.acquaduci.it\/wp-content\/uploads\/2025\/10\/VillaTedeschi-prospetto.jpg 1772w, https:\/\/www.acquaduci.it\/wp-content\/uploads\/2025\/10\/VillaTedeschi-prospetto-300x200.jpg 300w, https:\/\/www.acquaduci.it\/wp-content\/uploads\/2025\/10\/VillaTedeschi-prospetto-1024x682.jpg 1024w, https:\/\/www.acquaduci.it\/wp-content\/uploads\/2025\/10\/VillaTedeschi-prospetto-768x512.jpg 768w, https:\/\/www.acquaduci.it\/wp-content\/uploads\/2025\/10\/VillaTedeschi-prospetto-1536x1024.jpg 1536w, https:\/\/www.acquaduci.it\/wp-content\/uploads\/2025\/10\/VillaTedeschi-prospetto-892x594.jpg 892w, https:\/\/www.acquaduci.it\/wp-content\/uploads\/2025\/10\/VillaTedeschi-prospetto-1350x900.jpg 1350w\" sizes=\"auto, (max-width: 1772px) 100vw, 1772px\" \/><div class=\"wp-block-getwid-video-popup__button is-style-default\"><div class=\"wp-block-getwid-video-popup__icon\"><i class=\"fas fa-play\" aria-hidden=\"true\"><\/i><\/div><\/div><\/div><\/a><div class=\"wp-block-getwid-video-popup__caption\"><\/div><\/div>\n<\/div>\n\n\n\n<div class=\"wp-block-uagb-container uagb-block-552c7ed9\">\n<p class=\"wp-block-paragraph\">In diesem Video nehmen wir Sie mit auf eine Entdeckungsreise durch unsere geliebte<strong> Villa Tedeschi!<\/strong> Sie ist mehr als nur ein Park: Sie ist das kulturelle und historische Zentrum unserer Stadt, ein Wahrzeichen, das die Gemeinde untrennbar mit ihrem gr\u00fcnen und architektonischen Erbe verbindet, ein perfekter Ort zum Lesen und Entspannen.<br\/><br\/>Bewundern Sie die schlichte Eleganz des Geb\u00e4udes, entdecken Sie seine Baugeschichte und erfahren Sie, wie es sich von einem Privathaus zur heutigen Stadtbibliothek, einem wahren Tempel des Wissens, entwickelt hat. Sp\u00fcren Sie die Frische des Gartens und die besondere Atmosph\u00e4re eines Ortes, der Kultur und Entspannung gleicherma\u00dfen zelebriert. <br\/><br\/><strong>Was Sie in diesem Video entdecken werden:<\/strong><\/p>\n\n\n\n<ul class=\"wp-block-list\">\n<li>Die Geschichte der Villa und der Familie Tedeschi in Pozzallo.<\/li>\n\n\n\n<li>Die Bedeutung ihrer Architektur und ihrer aktuellen Rolle als Stadtbibliothek.<\/li>\n\n\n\n<li>Die tiefe Verbindung zwischen Kultur, Gr\u00fcnfl\u00e4chen und der sozialen Identit\u00e4t unseres Pozzallo.<\/li>\n<\/ul>\n<\/div>\n<\/div><\/div>\n\n<div style=\"height:40px\" aria-hidden=\"true\" class=\"wp-block-spacer\"><\/div>\n\n<hr class=\"wp-block-separator has-css-opacity is-style-wide\"\/>\n\n<div class=\"wp-block-uagb-advanced-heading uagb-block-e30f5b56\"><h2 class=\"uagb-heading-text\">VILLA COMUNALE<\/h2><\/div>\n\n<div class=\"wp-block-uagb-container uagb-block-95bf5d55 alignfull uagb-is-root-container\"><div class=\"uagb-container-inner-blocks-wrap\">\n<div class=\"wp-block-uagb-container uagb-block-60427afb\">\n<div class=\"wp-block-columns is-layout-flex wp-container-core-columns-is-layout-8f761849 wp-block-columns-is-layout-flex\">\n<div class=\"wp-block-column is-layout-flow wp-block-column-is-layout-flow\">\n<div class=\"wp-block-getwid-video-popup has-image\"><a class=\"wp-block-getwid-video-popup__link\" href=\"https:\/\/youtu.be\/siovYzO5Tq4?si=zqO9CgwHqV4s7mvB\"><div class=\"wp-block-getwid-video-popup__wrapper\"><img loading=\"lazy\" decoding=\"async\" width=\"2560\" height=\"1440\" src=\"https:\/\/www.acquaduci.it\/wp-content\/uploads\/2025\/10\/1555578084-0-rinascera-la-villa-comunale-a-pozzallo-scaled-1.jpg\" alt=\"\" class=\"wp-block-getwid-video-popup__image wp-block-getwid-video-popup__source wp-image-1836\" srcset=\"https:\/\/www.acquaduci.it\/wp-content\/uploads\/2025\/10\/1555578084-0-rinascera-la-villa-comunale-a-pozzallo-scaled-1.jpg 2560w, https:\/\/www.acquaduci.it\/wp-content\/uploads\/2025\/10\/1555578084-0-rinascera-la-villa-comunale-a-pozzallo-scaled-1-300x169.jpg 300w, https:\/\/www.acquaduci.it\/wp-content\/uploads\/2025\/10\/1555578084-0-rinascera-la-villa-comunale-a-pozzallo-scaled-1-1024x576.jpg 1024w, https:\/\/www.acquaduci.it\/wp-content\/uploads\/2025\/10\/1555578084-0-rinascera-la-villa-comunale-a-pozzallo-scaled-1-768x432.jpg 768w, https:\/\/www.acquaduci.it\/wp-content\/uploads\/2025\/10\/1555578084-0-rinascera-la-villa-comunale-a-pozzallo-scaled-1-1536x864.jpg 1536w, https:\/\/www.acquaduci.it\/wp-content\/uploads\/2025\/10\/1555578084-0-rinascera-la-villa-comunale-a-pozzallo-scaled-1-2048x1152.jpg 2048w, https:\/\/www.acquaduci.it\/wp-content\/uploads\/2025\/10\/1555578084-0-rinascera-la-villa-comunale-a-pozzallo-scaled-1-892x502.jpg 892w, https:\/\/www.acquaduci.it\/wp-content\/uploads\/2025\/10\/1555578084-0-rinascera-la-villa-comunale-a-pozzallo-scaled-1-1350x759.jpg 1350w\" sizes=\"auto, (max-width: 2560px) 100vw, 2560px\" \/><div class=\"wp-block-getwid-video-popup__button is-style-default\"><div class=\"wp-block-getwid-video-popup__icon\"><i class=\"fas fa-play\" aria-hidden=\"true\"><\/i><\/div><\/div><\/div><\/a><div class=\"wp-block-getwid-video-popup__caption\"><\/div><\/div>\n<\/div>\n<\/div>\n<\/div>\n\n\n\n<div class=\"wp-block-uagb-container uagb-block-457de65a\">\n<p class=\"wp-block-paragraph\">In diesem Video nehmen wir Sie mit auf eine Entdeckungsreise durch unsere geliebte<strong> Villa Comunale! <\/strong>Sie ist mehr als nur ein Garten: Sie ist die gr\u00fcne Oase im institutionellen Herzen unserer Stadt, ein Wahrzeichen, das die Gemeinde untrennbar mit ihrer Stadtgeschichte und ihrem wertvollen Naturerbe verbindet, ein Ort der Ruhe und Begegnung f\u00fcr alle Generationen.<br\/><br\/>Bewundern Sie die <strong>jahrhundertealten B\u00e4ume<\/strong>, die den Palazzo Comunale \u201eGiorgio La Pira\u201c umgeben und sch\u00fctzen, entdecken Sie seine Entstehungsgeschichte und erfahren Sie, wie er zum Mittelpunkt des st\u00e4dtischen Lebens wurde. Genie\u00dfen Sie den Duft mediterraner Aromen und erleben Sie die besondere Atmosph\u00e4re eines Ortes, der Natur, Erinnerung (wie den Don Pino Puglisi gewidmeten Baum) und das gesellschaftliche Leben ehrt. <br\/><br\/><strong>Was Sie in diesem Video entdecken werden:<\/strong><\/p>\n\n\n\n<ul class=\"wp-block-list\">\n<li>Die Geschichte der Villa und ihre Verbindung zum Rathausgeb\u00e4ude.<\/li>\n\n\n\n<li>Die Vielfalt der Pflanzenarten macht es zu einer urbanen Oase.<\/li>\n\n\n\n<li>Die Rolle der Villa als Treffpunkt und zentraler Gr\u00fcnraum f\u00fcr unsere Pozzallo.<\/li>\n<\/ul>\n<\/div>\n<\/div><\/div>\n\n<hr class=\"wp-block-separator has-css-opacity is-style-wide\"\/>\n\n<div style=\"height:40px\" aria-hidden=\"true\" class=\"wp-block-spacer\"><\/div>\n\n<div class=\"wp-block-uagb-advanced-heading uagb-block-2f4f505a\"><h2 class=\"uagb-heading-text\">HAUS GIORGIO LA PIRA<\/h2><\/div>\n\n<div class=\"wp-block-uagb-container uagb-block-ff1cf075 alignfull uagb-is-root-container\"><div class=\"uagb-container-inner-blocks-wrap\">\n<div class=\"wp-block-uagb-container uagb-block-3e36f87a\">\n<div class=\"wp-block-columns is-layout-flex wp-container-core-columns-is-layout-8f761849 wp-block-columns-is-layout-flex\">\n<div class=\"wp-block-column is-layout-flow wp-block-column-is-layout-flow\">\n<div class=\"wp-block-getwid-video-popup has-image\"><a class=\"wp-block-getwid-video-popup__link\" href=\"https:\/\/youtu.be\/Lm9kCq-nnC4\"><div class=\"wp-block-getwid-video-popup__wrapper\"><img loading=\"lazy\" decoding=\"async\" width=\"2560\" height=\"1709\" src=\"https:\/\/www.acquaduci.it\/wp-content\/uploads\/2025\/10\/Casa-G-La-Pira-scaled.jpeg\" alt=\"\" class=\"wp-block-getwid-video-popup__image wp-block-getwid-video-popup__source wp-image-1840\" srcset=\"https:\/\/www.acquaduci.it\/wp-content\/uploads\/2025\/10\/Casa-G-La-Pira-scaled.jpeg 2560w, https:\/\/www.acquaduci.it\/wp-content\/uploads\/2025\/10\/Casa-G-La-Pira-300x200.jpeg 300w, https:\/\/www.acquaduci.it\/wp-content\/uploads\/2025\/10\/Casa-G-La-Pira-1024x683.jpeg 1024w, https:\/\/www.acquaduci.it\/wp-content\/uploads\/2025\/10\/Casa-G-La-Pira-768x513.jpeg 768w, https:\/\/www.acquaduci.it\/wp-content\/uploads\/2025\/10\/Casa-G-La-Pira-1536x1025.jpeg 1536w, https:\/\/www.acquaduci.it\/wp-content\/uploads\/2025\/10\/Casa-G-La-Pira-2048x1367.jpeg 2048w, https:\/\/www.acquaduci.it\/wp-content\/uploads\/2025\/10\/Casa-G-La-Pira-892x595.jpeg 892w, https:\/\/www.acquaduci.it\/wp-content\/uploads\/2025\/10\/Casa-G-La-Pira-1350x901.jpeg 1350w\" sizes=\"auto, (max-width: 2560px) 100vw, 2560px\" \/><div class=\"wp-block-getwid-video-popup__button is-style-default\"><div class=\"wp-block-getwid-video-popup__icon\"><i class=\"fas fa-play\" aria-hidden=\"true\"><\/i><\/div><\/div><\/div><\/a><div class=\"wp-block-getwid-video-popup__caption\"><\/div><\/div>\n<\/div>\n<\/div>\n<\/div>\n\n\n\n<div class=\"wp-block-uagb-container uagb-block-ae268672\">\n<p class=\"wp-block-paragraph\">In diesem Video nehmen wir Sie mit auf eine Tour durch <strong>Giorgio La Piras Geburtshaus<\/strong>! Es ist mehr als nur ein altes Geb\u00e4ude: Es ist ein heiliger Ort f\u00fcr unsere Gemeinde, die Wiege des Gedankenguts und Glaubens eines der Gr\u00fcnderv\u00e4ter der Republik, eines Mannes, der von dieser kleinen Stra\u00dfe aus die Botschaft des Friedens in die Welt trug.<br\/><br\/>Bewundern Sie das schlichte Haus,<strong> in dem er am 9. Januar 1904<\/strong> geboren wurde, und sp\u00fcren Sie die Bedeutung seines historischen Erbes. Von diesen Mauern aus stieg La Pira zum gefeierten \u201eheiligen B\u00fcrgermeister\u201c von Florenz und zum Br\u00fcckenbauer im Kalten Krieg auf. Es ist ein Ort tiefer Besinnung und Andacht.  <br\/><br\/><strong> Cosa scoprirai in questo video:<\/strong><\/p>\n\n\n\n<ul class=\"wp-block-list\">\n<li>Die Geschichte des Geburtsortes und die Bedeutung der Gedenktafel.<\/li>\n\n\n\n<li>Die unzerbrechliche Bindung zwischen Giorgio La Pira und seinem geliebten Pozzallo.<\/li>\n\n\n\n<li>Die Rolle des Hauses als Pilgerziel f\u00fcr Gl\u00e4ubige und Gelehrte.<\/li>\n<\/ul>\n<\/div>\n<\/div><\/div>\n\n<hr class=\"wp-block-separator has-css-opacity is-style-wide\"\/>\n\n<div style=\"height:40px\" aria-hidden=\"true\" class=\"wp-block-spacer\"><\/div>\n\n<div class=\"wp-block-uagb-advanced-heading uagb-block-f2c49978\"><h2 class=\"uagb-heading-text\">GEB\u00c4UDE GIORGIO LA PIRA<\/h2><\/div>\n\n<div class=\"wp-block-uagb-container uagb-block-df5cec04 alignfull uagb-is-root-container\"><div class=\"uagb-container-inner-blocks-wrap\">\n<div class=\"wp-block-uagb-container uagb-block-6ee27a9d\">\n<div class=\"wp-block-columns is-layout-flex wp-container-core-columns-is-layout-8f761849 wp-block-columns-is-layout-flex\">\n<div class=\"wp-block-column is-layout-flow wp-block-column-is-layout-flow\">\n<div class=\"wp-block-getwid-video-popup has-image\"><a class=\"wp-block-getwid-video-popup__link\" href=\"https:\/\/youtu.be\/kmaBw9WJKx4\"><div class=\"wp-block-getwid-video-popup__wrapper\"><img loading=\"lazy\" decoding=\"async\" width=\"480\" height=\"480\" src=\"https:\/\/www.acquaduci.it\/wp-content\/uploads\/2025\/10\/comune_pozzallo.png\" alt=\"\" class=\"wp-block-getwid-video-popup__image wp-block-getwid-video-popup__source wp-image-4462\" srcset=\"https:\/\/www.acquaduci.it\/wp-content\/uploads\/2025\/10\/comune_pozzallo.png 480w, https:\/\/www.acquaduci.it\/wp-content\/uploads\/2025\/10\/comune_pozzallo-300x300.png 300w, https:\/\/www.acquaduci.it\/wp-content\/uploads\/2025\/10\/comune_pozzallo-150x150.png 150w\" sizes=\"auto, (max-width: 480px) 100vw, 480px\" \/><div class=\"wp-block-getwid-video-popup__button is-style-default\"><div class=\"wp-block-getwid-video-popup__icon\"><i class=\"fas fa-play\" aria-hidden=\"true\"><\/i><\/div><\/div><\/div><\/a><div class=\"wp-block-getwid-video-popup__caption\"><\/div><\/div>\n<\/div>\n<\/div>\n<\/div>\n\n\n\n<div class=\"wp-block-uagb-container uagb-block-9ad7c059\">\n<p class=\"wp-block-paragraph\">In diesem Video nehmen wir Sie mit auf einen Rundgang durch den majest\u00e4tischen <strong>Palazzo Comunale \u201eGiorgio La Pira\u201c! <\/strong>Er ist mehr als nur der Sitz des Rathauses: Er ist das Symbol f\u00fcr die Autonomie und das Verwaltungsleben unserer Gemeinde, der Ort, an dem Entscheidungen getroffen werden, die die Zukunft unserer geliebten Stadt pr\u00e4gen.<br\/><br\/>Bewundern Sie die imposante Architektur der Villa Comunale und entdecken Sie die Geschichte dieses Geb\u00e4udes, das nach unserem ber\u00fchmtesten B\u00fcrger benannt ist. Sp\u00fcren Sie die Bedeutung seines demokratischen Erbes und erfahren Sie, warum jeder B\u00fcrger von Pozzallo es als zentralen Bezugspunkt seiner b\u00fcrgerlichen Identit\u00e4t betrachtet. <br\/><br\/><strong>Was Sie in diesem Video entdecken werden:<\/strong><\/p>\n\n\n\n<ul class=\"wp-block-list\">\n<li>Die Geschichte des Baus des Rathauses und seine Verbindung zum Stadtzentrum.<\/li>\n\n\n\n<li>Die Bedeutung der Widmung an <strong>Giorgio La Pira, <\/strong>Gr\u00fcndungsvater und \u201eheiligen B\u00fcrgermeister\u201c.<\/li>\n\n\n\n<li>Die gegenw\u00e4rtige Rolle des Palastes als Zentrum des politischen und institutionellen Lebens in Pozzallo.<\/li>\n<\/ul>\n\n\n\n<p class=\"wp-block-paragraph\"><\/p>\n<\/div>\n<\/div><\/div>\n\n<hr class=\"wp-block-separator has-css-opacity is-style-wide\"\/>\n\n<h2 class=\"wp-block-heading\">Apartments mit Meerblick in Pozzallo &#8211; Ragusa<\/h2>\n\n<p class=\"wp-block-paragraph\">Erleben Sie einen einzigartigen Aufenthalt in den <strong><a href=\"\/rooms\/\">Acquaduci Ferienwohnungen<\/a><\/strong>. Jedes Apartment \u2013 \u200b\u200b<a href=\"https:\/\/www.acquaduci.it\/de\/accommodation\/acquaduci\/\">Acquaduci <\/a>und <a href=\"https:\/\/www.acquaduci.it\/de\/accommodation\/acquaduci-plus\/\">Acquaduci Plus<\/a> \u2013 bietet direkten <a href=\"https:\/\/www.acquaduci.it\/de\/pozzallo\/\"><strong>Meerblick in Pozzallo<\/strong><\/a>.<br\/><br\/>Panoramaterrassen, moderner Komfort und das mediterrane Licht begleiten Sie durch Ihren sizilianischen Urlaub.<br\/><br\/>Pozzallo ist der ideale Ausgangspunkt, um den S\u00fcdosten Siziliens zu erkunden: <a href=\"https:\/\/www.acquaduci.it\/de\/reiserouten\/noto-syrakus\/\">Noto<\/a>, <a href=\"https:\/\/www.acquaduci.it\/de\/reiserouten\/modica\/\">Modica<\/a>, <a href=\"https:\/\/www.acquaduci.it\/de\/reiserouten\/ragusa-ibla\/\">Ragusa Ibla<\/a> und <a href=\"https:\/\/www.acquaduci.it\/de\/reiserouten\/marzamemi\/\">Marzamemi<\/a> erreichen Sie in weniger als einer Stunde.<br\/><br\/><br\/>\ud83d\udc49 <a href=\"\/rooms\/\"><strong>Buchen Sie jetzt Ihren Strandurlaub in Pozzallo<\/strong><\/a> und entdecken Sie den authentischen Charme der sizilianischen K\u00fcste.<\/p>\n\n<div style=\"height:40px\" aria-hidden=\"true\" class=\"wp-block-spacer\"><\/div>\n","protected":false},"excerpt":{"rendered":"<p>Audioguide zu den wichtigsten Monumenten von Pozzallo. H\u00f6ren Sie sich Beschreibungen zu jedem Denkmal der Stadt an. <\/p>\n","protected":false},"author":1,"featured_media":0,"parent":0,"menu_order":0,"comment_status":"closed","ping_status":"closed","template":"template-canvas-page.php","meta":{"_coblocks_attr":"","_coblocks_dimensions":"","_coblocks_responsive_height":"","_coblocks_accordion_ie_support":"","inline_featured_image":false,"_uag_custom_page_level_css":"","_joinchat":[],"footnotes":""},"class_list":["post-2653","page","type-page","status-publish","hentry"],"featured_image_src":null,"yoast_head":"<!-- This site is optimized with the Yoast SEO plugin v28.4 - https:\/\/yoast.com\/product\/yoast-seo-wordpress\/ -->\n<title>\ud83c\udf0a Pozzallo, Stadt des Meeres - Ferienwohnungen am Meer \u2013 Acquaduci<\/title>\n<meta name=\"description\" content=\"Entdecken Sie die Sch\u00f6nheit eines Strandurlaubs in Pozzallo. Es erwarten Sie Apartments mit Aussicht, modernem Komfort und sizilianischem Charme.\" \/>\n<meta name=\"robots\" content=\"index, follow, max-snippet:-1, max-image-preview:large, max-video-preview:-1\" \/>\n<link rel=\"canonical\" href=\"https:\/\/www.acquaduci.it\/de\/pozzallo\/\" \/>\n<meta property=\"og:locale\" content=\"de_DE\" \/>\n<meta property=\"og:type\" content=\"article\" \/>\n<meta property=\"og:title\" content=\"\ud83c\udf0a Pozzallo, Stadt des Meeres - Ferienwohnungen am Meer \u2013 Acquaduci\" \/>\n<meta property=\"og:description\" content=\"Entdecken Sie die Sch\u00f6nheit eines Strandurlaubs in Pozzallo. Es erwarten Sie Apartments mit Aussicht, modernem Komfort und sizilianischem Charme.\" \/>\n<meta property=\"og:url\" content=\"https:\/\/www.acquaduci.it\/de\/pozzallo\/\" \/>\n<meta property=\"og:site_name\" content=\"Acquaduci - Casa Vacanza fronte mare in Sicilia\" \/>\n<meta property=\"article:modified_time\" content=\"2025-11-09T09:52:18+00:00\" \/>\n<meta property=\"og:image\" content=\"https:\/\/www.acquaduci.it\/wp-content\/uploads\/revslider\/rev-slider-1\/za.webp\" \/>\n\t<meta property=\"og:image:width\" content=\"1300\" \/>\n\t<meta property=\"og:image:height\" content=\"867\" \/>\n\t<meta property=\"og:image:type\" content=\"image\/webp\" \/>\n<meta name=\"twitter:card\" content=\"summary_large_image\" \/>\n<meta name=\"twitter:label1\" content=\"Gesch\u00e4tzte Lesezeit\" \/>\n\t<meta name=\"twitter:data1\" content=\"9\u00a0Minuten\" \/>\n<script type=\"application\/ld+json\" class=\"yoast-schema-graph\">{\"@context\":\"https:\\\/\\\/schema.org\",\"@graph\":[{\"@type\":\"WebPage\",\"@id\":\"https:\\\/\\\/www.acquaduci.it\\\/de\\\/pozzallo\\\/\",\"url\":\"https:\\\/\\\/www.acquaduci.it\\\/de\\\/pozzallo\\\/\",\"name\":\"\ud83c\udf0a Pozzallo, Stadt des Meeres - Ferienwohnungen am Meer \u2013 Acquaduci\",\"isPartOf\":{\"@id\":\"https:\\\/\\\/www.acquaduci.it\\\/de\\\/#website\"},\"primaryImageOfPage\":{\"@id\":\"https:\\\/\\\/www.acquaduci.it\\\/de\\\/pozzallo\\\/#primaryimage\"},\"image\":{\"@id\":\"https:\\\/\\\/www.acquaduci.it\\\/de\\\/pozzallo\\\/#primaryimage\"},\"thumbnailUrl\":\"https:\\\/\\\/www.acquaduci.it\\\/wp-content\\\/uploads\\\/revslider\\\/rev-slider-1\\\/za.webp\",\"datePublished\":\"2019-08-20T09:29:12+00:00\",\"dateModified\":\"2025-11-09T09:52:18+00:00\",\"description\":\"Entdecken Sie die Sch\u00f6nheit eines Strandurlaubs in Pozzallo. Es erwarten Sie Apartments mit Aussicht, modernem Komfort und sizilianischem Charme.\",\"breadcrumb\":{\"@id\":\"https:\\\/\\\/www.acquaduci.it\\\/de\\\/pozzallo\\\/#breadcrumb\"},\"inLanguage\":\"de\",\"potentialAction\":[{\"@type\":\"ReadAction\",\"target\":[\"https:\\\/\\\/www.acquaduci.it\\\/de\\\/pozzallo\\\/\"]}]},{\"@type\":\"ImageObject\",\"inLanguage\":\"de\",\"@id\":\"https:\\\/\\\/www.acquaduci.it\\\/de\\\/pozzallo\\\/#primaryimage\",\"url\":\"https:\\\/\\\/www.acquaduci.it\\\/wp-content\\\/uploads\\\/revslider\\\/rev-slider-1\\\/za.webp\",\"contentUrl\":\"https:\\\/\\\/www.acquaduci.it\\\/wp-content\\\/uploads\\\/revslider\\\/rev-slider-1\\\/za.webp\"},{\"@type\":\"BreadcrumbList\",\"@id\":\"https:\\\/\\\/www.acquaduci.it\\\/de\\\/pozzallo\\\/#breadcrumb\",\"itemListElement\":[{\"@type\":\"ListItem\",\"position\":1,\"name\":\"Home\",\"item\":\"https:\\\/\\\/www.acquaduci.it\\\/de\\\/\"},{\"@type\":\"ListItem\",\"position\":2,\"name\":\"Pozzallo\"}]},{\"@type\":\"WebSite\",\"@id\":\"https:\\\/\\\/www.acquaduci.it\\\/de\\\/#website\",\"url\":\"https:\\\/\\\/www.acquaduci.it\\\/de\\\/\",\"name\":\"Acquaduci - Casa Vacanza fronte mare in Sicilia\",\"description\":\"\",\"publisher\":{\"@id\":\"https:\\\/\\\/www.acquaduci.it\\\/de\\\/#organization\"},\"potentialAction\":[{\"@type\":\"SearchAction\",\"target\":{\"@type\":\"EntryPoint\",\"urlTemplate\":\"https:\\\/\\\/www.acquaduci.it\\\/de\\\/?s={search_term_string}\"},\"query-input\":{\"@type\":\"PropertyValueSpecification\",\"valueRequired\":true,\"valueName\":\"search_term_string\"}}],\"inLanguage\":\"de\"},{\"@type\":\"Organization\",\"@id\":\"https:\\\/\\\/www.acquaduci.it\\\/de\\\/#organization\",\"name\":\"Acquaduci\",\"alternateName\":\"Acquaduci\",\"url\":\"https:\\\/\\\/www.acquaduci.it\\\/de\\\/\",\"logo\":{\"@type\":\"ImageObject\",\"inLanguage\":\"de\",\"@id\":\"https:\\\/\\\/www.acquaduci.it\\\/de\\\/#\\\/schema\\\/logo\\\/image\\\/\",\"url\":\"https:\\\/\\\/www.acquaduci.it\\\/wp-content\\\/uploads\\\/2025\\\/10\\\/cropped-imgi_4_logo_acquaduci_BLUE_piccolo.png\",\"contentUrl\":\"https:\\\/\\\/www.acquaduci.it\\\/wp-content\\\/uploads\\\/2025\\\/10\\\/cropped-imgi_4_logo_acquaduci_BLUE_piccolo.png\",\"width\":281,\"height\":100,\"caption\":\"Acquaduci\"},\"image\":{\"@id\":\"https:\\\/\\\/www.acquaduci.it\\\/de\\\/#\\\/schema\\\/logo\\\/image\\\/\"},\"sameAs\":[\"https:\\\/\\\/www.instagram.com\\\/acquaduci?igsh=MXlreDNtZ2hzOG43\"]}]}<\/script>\n<!-- \/ Yoast SEO plugin. -->","yoast_head_json":{"title":"\ud83c\udf0a Pozzallo, Stadt des Meeres - Ferienwohnungen am Meer \u2013 Acquaduci","description":"Entdecken Sie die Sch\u00f6nheit eines Strandurlaubs in Pozzallo. Es erwarten Sie Apartments mit Aussicht, modernem Komfort und sizilianischem Charme.","robots":{"index":"index","follow":"follow","max-snippet":"max-snippet:-1","max-image-preview":"max-image-preview:large","max-video-preview":"max-video-preview:-1"},"canonical":"https:\/\/www.acquaduci.it\/de\/pozzallo\/","og_locale":"de_DE","og_type":"article","og_title":"\ud83c\udf0a Pozzallo, Stadt des Meeres - Ferienwohnungen am Meer \u2013 Acquaduci","og_description":"Entdecken Sie die Sch\u00f6nheit eines Strandurlaubs in Pozzallo. Es erwarten Sie Apartments mit Aussicht, modernem Komfort und sizilianischem Charme.","og_url":"https:\/\/www.acquaduci.it\/de\/pozzallo\/","og_site_name":"Acquaduci - Casa Vacanza fronte mare in Sicilia","article_modified_time":"2025-11-09T09:52:18+00:00","og_image":[{"width":1300,"height":867,"url":"https:\/\/www.acquaduci.it\/wp-content\/uploads\/revslider\/rev-slider-1\/za.webp","type":"image\/webp"}],"twitter_card":"summary_large_image","twitter_misc":{"Gesch\u00e4tzte Lesezeit":"9\u00a0Minuten"},"schema":{"@context":"https:\/\/schema.org","@graph":[{"@type":"WebPage","@id":"https:\/\/www.acquaduci.it\/de\/pozzallo\/","url":"https:\/\/www.acquaduci.it\/de\/pozzallo\/","name":"\ud83c\udf0a Pozzallo, Stadt des Meeres - Ferienwohnungen am Meer \u2013 Acquaduci","isPartOf":{"@id":"https:\/\/www.acquaduci.it\/de\/#website"},"primaryImageOfPage":{"@id":"https:\/\/www.acquaduci.it\/de\/pozzallo\/#primaryimage"},"image":{"@id":"https:\/\/www.acquaduci.it\/de\/pozzallo\/#primaryimage"},"thumbnailUrl":"https:\/\/www.acquaduci.it\/wp-content\/uploads\/revslider\/rev-slider-1\/za.webp","datePublished":"2019-08-20T09:29:12+00:00","dateModified":"2025-11-09T09:52:18+00:00","description":"Entdecken Sie die Sch\u00f6nheit eines Strandurlaubs in Pozzallo. Es erwarten Sie Apartments mit Aussicht, modernem Komfort und sizilianischem Charme.","breadcrumb":{"@id":"https:\/\/www.acquaduci.it\/de\/pozzallo\/#breadcrumb"},"inLanguage":"de","potentialAction":[{"@type":"ReadAction","target":["https:\/\/www.acquaduci.it\/de\/pozzallo\/"]}]},{"@type":"ImageObject","inLanguage":"de","@id":"https:\/\/www.acquaduci.it\/de\/pozzallo\/#primaryimage","url":"https:\/\/www.acquaduci.it\/wp-content\/uploads\/revslider\/rev-slider-1\/za.webp","contentUrl":"https:\/\/www.acquaduci.it\/wp-content\/uploads\/revslider\/rev-slider-1\/za.webp"},{"@type":"BreadcrumbList","@id":"https:\/\/www.acquaduci.it\/de\/pozzallo\/#breadcrumb","itemListElement":[{"@type":"ListItem","position":1,"name":"Home","item":"https:\/\/www.acquaduci.it\/de\/"},{"@type":"ListItem","position":2,"name":"Pozzallo"}]},{"@type":"WebSite","@id":"https:\/\/www.acquaduci.it\/de\/#website","url":"https:\/\/www.acquaduci.it\/de\/","name":"Acquaduci - Casa Vacanza fronte mare in Sicilia","description":"","publisher":{"@id":"https:\/\/www.acquaduci.it\/de\/#organization"},"potentialAction":[{"@type":"SearchAction","target":{"@type":"EntryPoint","urlTemplate":"https:\/\/www.acquaduci.it\/de\/?s={search_term_string}"},"query-input":{"@type":"PropertyValueSpecification","valueRequired":true,"valueName":"search_term_string"}}],"inLanguage":"de"},{"@type":"Organization","@id":"https:\/\/www.acquaduci.it\/de\/#organization","name":"Acquaduci","alternateName":"Acquaduci","url":"https:\/\/www.acquaduci.it\/de\/","logo":{"@type":"ImageObject","inLanguage":"de","@id":"https:\/\/www.acquaduci.it\/de\/#\/schema\/logo\/image\/","url":"https:\/\/www.acquaduci.it\/wp-content\/uploads\/2025\/10\/cropped-imgi_4_logo_acquaduci_BLUE_piccolo.png","contentUrl":"https:\/\/www.acquaduci.it\/wp-content\/uploads\/2025\/10\/cropped-imgi_4_logo_acquaduci_BLUE_piccolo.png","width":281,"height":100,"caption":"Acquaduci"},"image":{"@id":"https:\/\/www.acquaduci.it\/de\/#\/schema\/logo\/image\/"},"sameAs":["https:\/\/www.instagram.com\/acquaduci?igsh=MXlreDNtZ2hzOG43"]}]}},"uagb_featured_image_src":{"full":false,"thumbnail":false,"medium":false,"medium_large":false,"large":false,"1536x1536":false,"2048x2048":false,"post-thumbnail":false,"booklium-large":false,"booklium-square":false},"uagb_author_info":{"display_name":"Acquaduci","author_link":"https:\/\/www.acquaduci.it\/de\/author\/vinarcid0810\/"},"uagb_comment_info":0,"uagb_excerpt":"Audioguide zu den wichtigsten Monumenten von Pozzallo. H\u00f6ren Sie sich Beschreibungen zu jedem Denkmal der Stadt an.","_links":{"self":[{"href":"https:\/\/www.acquaduci.it\/de\/wp-json\/wp\/v2\/pages\/2653","targetHints":{"allow":["GET"]}}],"collection":[{"href":"https:\/\/www.acquaduci.it\/de\/wp-json\/wp\/v2\/pages"}],"about":[{"href":"https:\/\/www.acquaduci.it\/de\/wp-json\/wp\/v2\/types\/page"}],"author":[{"embeddable":true,"href":"https:\/\/www.acquaduci.it\/de\/wp-json\/wp\/v2\/users\/1"}],"replies":[{"embeddable":true,"href":"https:\/\/www.acquaduci.it\/de\/wp-json\/wp\/v2\/comments?post=2653"}],"version-history":[{"count":0,"href":"https:\/\/www.acquaduci.it\/de\/wp-json\/wp\/v2\/pages\/2653\/revisions"}],"wp:attachment":[{"href":"https:\/\/www.acquaduci.it\/de\/wp-json\/wp\/v2\/media?parent=2653"}],"curies":[{"name":"wp","href":"https:\/\/api.w.org\/{rel}","templated":true}]}}