{"id":3260,"date":"2025-10-09T16:55:58","date_gmt":"2025-10-09T14:55:58","guid":{"rendered":"https:\/\/www.acquaduci.it\/reiserouten\/syrakus-ortigia\/"},"modified":"2026-03-13T17:54:39","modified_gmt":"2026-03-13T16:54:39","slug":"syrakus-ortigia","status":"publish","type":"page","link":"https:\/\/www.acquaduci.it\/de\/reiserouten\/syrakus-ortigia\/","title":{"rendered":"Syrakus-Ortigia"},"content":{"rendered":"\n<div class=\"wp-block-getwid-section alignwide alignwide\"><div class=\"wp-block-getwid-section__wrapper\"><div class=\"wp-block-getwid-section__inner-wrapper\"><div class=\"wp-block-getwid-section__background-holder\"><div class=\"wp-block-getwid-section__background\"><\/div><div class=\"wp-block-getwid-section__foreground\"><\/div><\/div><div class=\"wp-block-getwid-section__content\"><div class=\"wp-block-getwid-section__inner-content\"><div class=\"mphb_sc_search-wrapper is-style-horizontal-form\">\n<form method=\"GET\" class=\"mphb_sc_search-form\" action=\"https:\/\/www.acquaduci.it\/de\/gefundene-apartments\/\" data-first_available_check_in_date=\"2026-09-10\">\n\n\t\n\t<p class=\"mphb_sc_search-check-in-date\">\n\t\t<label for=\"mphb_check_in_date-mphb-search-form-6a9d30497d5a8\">\n\t\t\tAnreise\t\t\t<abbr title=\"Formatiert als dd\/mm\/yyyy\">*<\/abbr>\n\t\t<\/label>\n\t\t<br \/>\n\t\t<input\n\t\t\tid=\"mphb_check_in_date-mphb-search-form-6a9d30497d5a8\"\n\t\t\tdata-datepick-group=\"mphb-search-form-6a9d30497d5a8\"\n\t\t\tvalue=\"\"\n\t\t\tplaceholder=\"Anreisedatum\"\n\t\t\trequired=\"required\"\n\t\t\ttype=\"text\"\n\t\t\tinputmode=\"none\"\n\t\t\tname=\"mphb_check_in_date\"\n\t\t\tclass=\"mphb-datepick\"\n\t\t\tautocomplete=\"off\"\n\t\t\t\/>\n\t<\/p>\n\n\t<p class=\"mphb_sc_search-check-out-date\">\n\t\t<label for=\"mphb_check_out_date-mphb-search-form-6a9d30497d5a8\">\n\t\t\tAbreise\t\t\t<abbr title=\"Formatiert als dd\/mm\/yyyy\">*<\/abbr>\n\t\t<\/label>\n\t\t<br \/>\n\t\t<input\n\t\t\tid=\"mphb_check_out_date-mphb-search-form-6a9d30497d5a8\"\n\t\t\tdata-datepick-group=\"mphb-search-form-6a9d30497d5a8\"\n\t\t\tvalue=\"\"\n\t\t\tplaceholder=\"Abreisedatum\"\n\t\t\trequired=\"required\"\n\t\t\ttype=\"text\"\n\t\t\tinputmode=\"none\"\n\t\t\tname=\"mphb_check_out_date\"\n\t\t\tclass=\"mphb-datepick\"\n\t\t\tautocomplete=\"off\"\n\t\t\t\/>\n\t<\/p>\n\n\t\t\t<p class=\"mphb_sc_search-adults\">\n\t\t\t<label for=\"mphb_adults-mphb-search-form-6a9d30497d5a8\">\n\t\t\t\tErwachsene\t\t\t<\/label>\n\t\t\t<br \/>\n\t\t\t<select id=\"mphb_adults-mphb-search-form-6a9d30497d5a8\" name=\"mphb_adults\" >\n\t\t\t\t\t\t\t\t\t<option value=\"1\" >1<\/option>\n\t\t\t\t\t\t\t\t\t<option value=\"2\"  selected='selected'>2<\/option>\n\t\t\t\t\t\t\t\t\t<option value=\"3\" >3<\/option>\n\t\t\t\t\t\t\t\t\t<option value=\"4\" >4<\/option>\n\t\t\t\t\t\t\t\t\t<option value=\"5\" >5<\/option>\n\t\t\t\t\t\t\t\t\t<option value=\"6\" >6<\/option>\n\t\t\t\t\t\t\t\t\t<option value=\"7\" >7<\/option>\n\t\t\t\t\t\t\t\t\t<option value=\"8\" >8<\/option>\n\t\t\t\t\t\t\t<\/select>\n\t\t<\/p>\n\t\n\t\t\t<p class=\"mphb_sc_search-children\">\n\t\t\t<label for=\"mphb_children-mphb-search-form-6a9d30497d5a8\">\n\t\t\t\tKinder\t\t\t<\/label>\n\t\t\t<br \/>\n\t\t\t<select id=\"mphb_children-mphb-search-form-6a9d30497d5a8\" name=\"mphb_children\">\n\t\t\t\t\t\t\t\t\t<option value=\"0\"  selected='selected'>0<\/option>\n\t\t\t\t\t\t\t\t\t<option value=\"1\" >1<\/option>\n\t\t\t\t\t\t\t\t\t<option value=\"2\" >2<\/option>\n\t\t\t\t\t\t\t\t\t<option value=\"3\" >3<\/option>\n\t\t\t\t\t\t\t\t\t<option value=\"4\" >4<\/option>\n\t\t\t\t\t\t\t<\/select>\n\t\t<\/p>\n\t\n\t\n\t\n\t<input id=\"mphb_check_in_date-mphb-search-form-6a9d30497d5a8-hidden\" value=\"\" type=\"hidden\" name=\"mphb_check_in_date\" \/><input id=\"mphb_check_out_date-mphb-search-form-6a9d30497d5a8-hidden\" value=\"\" type=\"hidden\" name=\"mphb_check_out_date\" \/>\n\t<p class=\"mphb_sc_search-submit-button-wrapper\">\n\t\t<input type=\"submit\" class=\"button\" value=\"Suche\"\/>\n\t<\/p>\n\n\t\n<\/form>\n<\/div><\/div><\/div><\/div><\/div><\/div>\n\n\n\n<div class=\"wp-block-getwid-section alignwide alignwide\"><div class=\"wp-block-getwid-section__wrapper\"><div class=\"wp-block-getwid-section__inner-wrapper\"><div class=\"wp-block-getwid-section__background-holder\"><div class=\"wp-block-getwid-section__background\"><\/div><div class=\"wp-block-getwid-section__foreground\"><\/div><\/div><div class=\"wp-block-getwid-section__content\"><div class=\"wp-block-getwid-section__inner-content\"><\/div><\/div><\/div><\/div><\/div>\n\n\n\n<h2 class=\"wp-block-heading\">M\u00f6chten Sie, dass wir eine F\u00fchrung f\u00fcr Sie in Ortygia organisieren?<br><\/h2>\n\n\n\n<p class=\"is-style-info has-arsenic-color has-text-color has-link-color has-lato-font-family has-custom-font wp-elements-1 wp-block-paragraph\" style=\"font-family:Lato;font-size:15px\">Kontaktieren Sie mich per WhatsApp:<br>\n  <br>Vincenzo +<a href=\"tel:00393201953795\">393201953795<\/a><br>oder schreiben Sie mir eine E-Mail an <a href=\"mailto:info@acquaduci.it\">info@acquaduci.it<\/a><br><br><br>Wir arbeiten mit den besten Reiseleitern der Provinzen <a href=\"https:\/\/www.acquaduci.it\/de\/reiserouten\/ragusa-ibla\/\">Ragusa<\/a> und Syrakus zusammen.<br>Die F\u00fchrungen finden auf Englisch oder Italienisch statt.\n<\/p>\n\n\n\n<div class=\"wp-block-getwid-section\"><div class=\"wp-block-getwid-section__wrapper\"><div class=\"wp-block-getwid-section__inner-wrapper\"><div class=\"wp-block-getwid-section__background-holder\"><div class=\"wp-block-getwid-section__background\"><\/div><div class=\"wp-block-getwid-section__foreground\"><\/div><\/div><div class=\"wp-block-getwid-section__content\"><div class=\"wp-block-getwid-section__inner-content\">\n<div class=\"wp-block-columns is-layout-flex wp-container-core-columns-is-layout-8f761849 wp-block-columns-is-layout-flex\">\n<div class=\"wp-block-column is-layout-flow wp-block-column-is-layout-flow\">\n<h2 class=\"wp-block-heading\">Entfernung von Acquaduci Pozzallo<\/h2>\n\n\n\n<p class=\"has-lato-font-family has-custom-font wp-block-paragraph\" style=\"font-family:Lato;font-size:15px\">Entfernung von Acquaduci: 54 min. \u2013 60 km<\/p>\n\n\n\n<p class=\"has-arsenic-color has-text-color has-link-color has-lato-font-family has-custom-font wp-elements-2 wp-block-paragraph\" style=\"font-family:Lato;font-size:15px\">Klicken Sie auf den Google Maps-Link, um die Navigation zu starten: <a href=\"https:\/\/maps.app.goo.gl\/sFEFbA8C8HoXakME9\">https:\/\/maps.app.goo.gl\/sFEFbA8C8HoXakME9<\/a><\/p>\n\n\n\n<h2 class=\"wp-block-heading\">Wo man essen kann<br><\/h2>\n\n\n\n<p class=\"has-arsenic-color has-text-color has-link-color has-lato-font-family has-custom-font wp-elements-3 wp-block-paragraph\" style=\"font-family:Lato;font-size:15px\">Acquaduci arbeitet nicht mit dem unten aufgef\u00fchrten Restaurant zusammen; wir erw\u00e4hnen es nur, weil wir dort waren und gut gegessen haben.<\/p>\n\n\n\n<h2 class=\"wp-block-heading\">Restaurant aLevante<br><\/h2>\n\n\n\n<p class=\"has-arsenic-color has-text-color has-link-color has-lato-font-family has-custom-font wp-elements-4 wp-block-paragraph\" style=\"font-family:Lato;font-size:15px\"><a href=\"https:\/\/g.co\/kgs\/ok2qvRu\">Largo della Gancia, 5, 96100 Isola di Ortigia, Siracusa<\/a><br><a href=\"tel:\/\/+393490763996\/\">+39 349 076 3996<\/a><\/p>\n<\/div>\n\n\n\n<div class=\"wp-block-column is-layout-flow wp-block-column-is-layout-flow\">\n<figure class=\"wp-block-image size-full\"><img loading=\"lazy\" decoding=\"async\" width=\"765\" height=\"1020\" src=\"https:\/\/www.acquaduci.it\/wp-content\/uploads\/2025\/10\/imgi_54_alevante_ristorante.jpg\" alt=\"Interno di ristorante con archi in pietra, tavoli in legno e scaffali con bottiglie e prodotti alimentari\" class=\"wp-image-2405\" srcset=\"https:\/\/www.acquaduci.it\/wp-content\/uploads\/2025\/10\/imgi_54_alevante_ristorante.jpg 765w, https:\/\/www.acquaduci.it\/wp-content\/uploads\/2025\/10\/imgi_54_alevante_ristorante-225x300.jpg 225w\" sizes=\"auto, (max-width: 765px) 100vw, 765px\" \/><\/figure>\n<\/div>\n<\/div>\n<\/div><\/div><\/div><\/div><\/div>\n\n\n\n<div class=\"wp-block-getwid-section alignwide alignwide\"><div class=\"wp-block-getwid-section__wrapper\"><div class=\"wp-block-getwid-section__inner-wrapper\"><div class=\"wp-block-getwid-section__background-holder\"><div class=\"wp-block-getwid-section__background\"><\/div><div class=\"wp-block-getwid-section__foreground\"><\/div><\/div><div class=\"wp-block-getwid-section__content\"><div class=\"wp-block-getwid-section__inner-content\">\n<h2 class=\"wp-block-heading has-text-align-center has-arsenic-color has-text-color has-link-color wp-elements-5\">Was es in Syrakus zu sehen gibt &#8211; Ortigia, eine Barockstadt<\/h2>\n\n\n\n<div style=\"height:60px\" aria-hidden=\"true\" class=\"wp-block-spacer\"><\/div>\n\n\n\n<div class=\"wp-block-columns is-layout-flex wp-container-core-columns-is-layout-8f761849 wp-block-columns-is-layout-flex\">\n<div class=\"wp-block-column is-vertically-aligned-center is-layout-flow wp-block-column-is-layout-flow\">\n<h2 class=\"wp-block-heading has-arsenic-color has-text-color has-link-color wp-elements-6\">1 \u2013 Ortigia<\/h2>\n\n\n\n<p class=\"has-arsenic-color has-text-color has-link-color has-lato-font-family has-custom-font wp-elements-7 wp-block-paragraph\" style=\"font-family:Lato;font-size:15px\">Die Sch\u00f6nheit dieser Insel ist entwaffnend: Ihre Form, ihre barocken Geb\u00e4ude, ihre engen Gassen, ihre Bars und Pl\u00e4tze und die Atmosph\u00e4re, die sie zu jeder Tageszeit durchdringt, machen es leicht zu verstehen, warum sie von so vielen geliebt wird.<br>Das erste, was Sie in Syrakus tun sollten, ist ein sch\u00f6ner Spaziergang durch Ortigia, bei dem Sie das umliegende Meer bewundern und sich die Brise durch die Haare wehen lassen k\u00f6nnen. Sie k\u00f6nnen dies auf eigene Faust tun, indem Sie eine gef\u00fchrte Wanderung buchen oder Ortigia bei einer Bootstour vom Meer aus bewundern.<\/p>\n<\/div>\n\n\n\n<div class=\"wp-block-column is-layout-flow wp-block-column-is-layout-flow\">\n<figure class=\"wp-block-image size-large\"><img loading=\"lazy\" decoding=\"async\" width=\"1024\" height=\"683\" src=\"https:\/\/www.acquaduci.it\/wp-content\/uploads\/2025\/10\/imgi_10_Ortigia-Siracusa-1024x683.jpg\" alt=\"Veduta panoramica delle costruzioni storiche lungo il mare con cielo sereno e acqua calma\" class=\"wp-image-2417\" srcset=\"https:\/\/www.acquaduci.it\/wp-content\/uploads\/2025\/10\/imgi_10_Ortigia-Siracusa-1024x683.jpg 1024w, https:\/\/www.acquaduci.it\/wp-content\/uploads\/2025\/10\/imgi_10_Ortigia-Siracusa-300x200.jpg 300w, https:\/\/www.acquaduci.it\/wp-content\/uploads\/2025\/10\/imgi_10_Ortigia-Siracusa-768x512.jpg 768w, https:\/\/www.acquaduci.it\/wp-content\/uploads\/2025\/10\/imgi_10_Ortigia-Siracusa-892x595.jpg 892w, https:\/\/www.acquaduci.it\/wp-content\/uploads\/2025\/10\/imgi_10_Ortigia-Siracusa.jpg 1080w\" sizes=\"auto, (max-width: 1024px) 100vw, 1024px\" \/><\/figure>\n<\/div>\n<\/div>\n\n\n\n<div style=\"height:50px\" aria-hidden=\"true\" class=\"wp-block-spacer\"><\/div>\n\n\n\n<div class=\"wp-block-columns is-layout-flex wp-container-core-columns-is-layout-8f761849 wp-block-columns-is-layout-flex\">\n<div class=\"wp-block-column is-layout-flow wp-block-column-is-layout-flow\">\n<h2 class=\"wp-block-heading has-arsenic-color has-text-color has-link-color wp-elements-8\">2 \u2013 Der Domplatz \u2013 Ortigia<br><\/h2>\n\n\n\n<p class=\"has-arsenic-color has-text-color has-link-color has-lato-font-family has-custom-font wp-elements-9 wp-block-paragraph\" style=\"font-family:Lato;font-size:15px\">Wenn Sie durch die engen, fast labyrinthartigen Gassen von Ortigia gehen, werden Sie vielleicht \u00fcberrascht sein, wenn sich vor Ihren Augen die Piazza del Duomo \u00f6ffnet. Es ist kein Zufall, dass sich dieser Ort dort erstreckt, wo Platz f\u00fcr die Akropolis von Syrakus, der gr\u00f6\u00dften Stadt der Antike (sogar gr\u00f6\u00dfer als Athen), geschaffen wurde.<\/p>\n\n\n\n<p class=\"has-arsenic-color has-text-color has-link-color has-lato-font-family has-custom-font wp-elements-10 wp-block-paragraph\" style=\"font-family:Lato;font-size:15px\"><\/p>\n<\/div>\n\n\n\n<div class=\"wp-block-column is-vertically-aligned-center is-layout-flow wp-block-column-is-layout-flow\">\n<figure class=\"wp-block-image size-large\"><img loading=\"lazy\" decoding=\"async\" width=\"1024\" height=\"683\" src=\"https:\/\/www.acquaduci.it\/wp-content\/uploads\/2025\/10\/imgi_39_Siracusa-Piazza-del-Duomo-1024x683.jpg\" alt=\"Piazza storica nel centro di Siracusa con edificio di epoca Barocca, statua centrale e persone che passeggiano\" class=\"wp-image-2422\" srcset=\"https:\/\/www.acquaduci.it\/wp-content\/uploads\/2025\/10\/imgi_39_Siracusa-Piazza-del-Duomo-1024x683.jpg 1024w, https:\/\/www.acquaduci.it\/wp-content\/uploads\/2025\/10\/imgi_39_Siracusa-Piazza-del-Duomo-300x200.jpg 300w, https:\/\/www.acquaduci.it\/wp-content\/uploads\/2025\/10\/imgi_39_Siracusa-Piazza-del-Duomo-768x512.jpg 768w, https:\/\/www.acquaduci.it\/wp-content\/uploads\/2025\/10\/imgi_39_Siracusa-Piazza-del-Duomo-892x595.jpg 892w, https:\/\/www.acquaduci.it\/wp-content\/uploads\/2025\/10\/imgi_39_Siracusa-Piazza-del-Duomo.jpg 1080w\" sizes=\"auto, (max-width: 1024px) 100vw, 1024px\" \/><\/figure>\n<\/div>\n<\/div>\n\n\n\n<div style=\"height:50px\" aria-hidden=\"true\" class=\"wp-block-spacer\"><\/div>\n\n\n\n<div class=\"wp-block-columns is-layout-flex wp-container-core-columns-is-layout-8f761849 wp-block-columns-is-layout-flex\">\n<div class=\"wp-block-column is-vertically-aligned-center is-layout-flow wp-block-column-is-layout-flow\">\n<h2 class=\"wp-block-heading has-arsenic-color has-text-color has-link-color wp-elements-11\">3 \u2013 Die Kathedrale von Syrakus<br><\/h2>\n\n\n\n<p class=\"has-arsenic-color has-text-color has-link-color has-lato-font-family has-custom-font wp-elements-12 wp-block-paragraph\" style=\"font-family:Lato;font-size:15px\">Es ist das markanteste Geb\u00e4ude auf der Piazza del Duomo und h\u00f6chstwahrscheinlich in ganz Syrakus. Bewundern Sie seine Sch\u00f6nheit und die \u00e4u\u00dferen Details, aber vergessen Sie nicht, die wenigen Stufen davor hinaufzusteigen und den Eingang zu durchqueren. Im Inneren lassen sich leicht einige ganz besondere dorische S\u00e4ulen erkennen, die man in einem Gotteshaus dieses Kalibers sicherlich nicht erwarten w\u00fcrde. Sie sollten wissen, dass die heutige Kathedrale auf der Grundlage des Skeletts des Athena-Tempels errichtet wurde.<\/p>\n\n\n\n<p class=\"has-arsenic-color has-text-color has-link-color has-lato-font-family has-custom-font wp-elements-13 wp-block-paragraph\" style=\"font-family:Lato;font-size:15px\"><\/p>\n\n\n\n<p class=\"has-arsenic-color has-text-color has-link-color has-lato-font-family has-custom-font wp-elements-14 wp-block-paragraph\" style=\"font-family:Lato;font-size:15px\"><\/p>\n<\/div>\n\n\n\n<div class=\"wp-block-column is-layout-flow wp-block-column-is-layout-flow\">\n<figure class=\"wp-block-image size-large\"><img loading=\"lazy\" decoding=\"async\" width=\"1024\" height=\"683\" src=\"https:\/\/www.acquaduci.it\/wp-content\/uploads\/revslider\/marzamemi-1\/Duomo-di-Siracusa-1-1024x683.jpg\" alt=\"Vista della Cattedrale di Lecce con dettagli architettonici barocchi e piazza storica circostante\" class=\"wp-image-1959\" srcset=\"https:\/\/www.acquaduci.it\/wp-content\/uploads\/revslider\/marzamemi-1\/Duomo-di-Siracusa-1-1024x683.jpg 1024w, https:\/\/www.acquaduci.it\/wp-content\/uploads\/revslider\/marzamemi-1\/Duomo-di-Siracusa-1-300x200.jpg 300w, https:\/\/www.acquaduci.it\/wp-content\/uploads\/revslider\/marzamemi-1\/Duomo-di-Siracusa-1-768x512.jpg 768w, https:\/\/www.acquaduci.it\/wp-content\/uploads\/revslider\/marzamemi-1\/Duomo-di-Siracusa-1-892x595.jpg 892w, https:\/\/www.acquaduci.it\/wp-content\/uploads\/revslider\/marzamemi-1\/Duomo-di-Siracusa-1.jpg 1080w\" sizes=\"auto, (max-width: 1024px) 100vw, 1024px\" \/><\/figure>\n<\/div>\n<\/div>\n\n\n\n<div style=\"height:50px\" aria-hidden=\"true\" class=\"wp-block-spacer\"><\/div>\n\n\n\n<div class=\"wp-block-columns is-layout-flex wp-container-core-columns-is-layout-8f761849 wp-block-columns-is-layout-flex\">\n<div class=\"wp-block-column is-layout-flow wp-block-column-is-layout-flow\">\n<h2 class=\"wp-block-heading has-arsenic-color has-text-color has-link-color wp-elements-15\">4 \u2013 Castello Maniace<br><\/h2>\n\n\n\n<p class=\"has-arsenic-color has-text-color has-link-color has-lato-font-family has-custom-font wp-elements-16 wp-block-paragraph\" style=\"font-family:Lato;font-size:15px\">Die einzige M\u00f6glichkeit, die \u00e4u\u00dferste Spitze der Insel Ortigia zu erreichen, besteht darin, die Tore des Castello Maniace zu durchqueren. Dieses Bauwerk verk\u00f6rpert perfekt die glanzvolle Vergangenheit der Stadt: Betreten Sie es, um die gew\u00f6lbten Decken zu bewundern, schlendern Sie mit Blick aufs Meer und sehen Sie mit eigenen Augen die entdeckten Artefakte wie Majolika und Keramik.<\/p>\n<\/div>\n\n\n\n<div class=\"wp-block-column is-vertically-aligned-center is-layout-flow wp-block-column-is-layout-flow\">\n<figure class=\"wp-block-image size-large\"><img loading=\"lazy\" decoding=\"async\" width=\"1024\" height=\"683\" src=\"https:\/\/www.acquaduci.it\/wp-content\/uploads\/2025\/10\/imgi_41_Castello-Maniace-Ortigia-1024x683.jpg\" alt=\"Forte storico in pietra con mura in granito e un faro sulla costa di un porto mediterraneo in una giornata soleggiata\" class=\"wp-image-2416\" srcset=\"https:\/\/www.acquaduci.it\/wp-content\/uploads\/2025\/10\/imgi_41_Castello-Maniace-Ortigia-1024x683.jpg 1024w, https:\/\/www.acquaduci.it\/wp-content\/uploads\/2025\/10\/imgi_41_Castello-Maniace-Ortigia-300x200.jpg 300w, https:\/\/www.acquaduci.it\/wp-content\/uploads\/2025\/10\/imgi_41_Castello-Maniace-Ortigia-768x512.jpg 768w, https:\/\/www.acquaduci.it\/wp-content\/uploads\/2025\/10\/imgi_41_Castello-Maniace-Ortigia-892x595.jpg 892w, https:\/\/www.acquaduci.it\/wp-content\/uploads\/2025\/10\/imgi_41_Castello-Maniace-Ortigia.jpg 1080w\" sizes=\"auto, (max-width: 1024px) 100vw, 1024px\" \/><\/figure>\n<\/div>\n<\/div>\n\n\n\n<div style=\"height:50px\" aria-hidden=\"true\" class=\"wp-block-spacer\"><\/div>\n\n\n\n<div class=\"wp-block-columns is-layout-flex wp-container-core-columns-is-layout-8f761849 wp-block-columns-is-layout-flex\">\n<div class=\"wp-block-column is-vertically-aligned-center is-layout-flow wp-block-column-is-layout-flow\">\n<h2 class=\"wp-block-heading has-arsenic-color has-text-color has-link-color wp-elements-17\">5 \u2013 Das j\u00fcdische Viertel<br><\/h2>\n\n\n\n<p class=\"has-arsenic-color has-text-color has-link-color has-lato-font-family has-custom-font wp-elements-18 wp-block-paragraph\" style=\"font-family:Lato;font-size:15px\">Noch angenehmer ist ein Spaziergang durch die Gassen von Syrakus am Abend, wenn die Stra\u00dfenlaternen angehen und die Bars die Stra\u00dfen mit Tischen s\u00e4umen. Ein Viertel sticht jedoch aus allen anderen hervor: Wenn Sie auf der Suche nach einem netten kleinen Restaurant sind, empfehle ich Ihnen das wundersch\u00f6ne j\u00fcdische Viertel..<\/p>\n\n\n\n<p class=\"has-arsenic-color has-text-color has-link-color has-lato-font-family has-custom-font wp-elements-19 wp-block-paragraph\" style=\"font-family:Lato;font-size:15px\"><\/p>\n\n\n\n<p class=\"has-arsenic-color has-text-color has-link-color has-lato-font-family has-custom-font wp-elements-20 wp-block-paragraph\" style=\"font-family:Lato;font-size:15px\"><\/p>\n\n\n\n<p class=\"has-arsenic-color has-text-color has-link-color has-lato-font-family has-custom-font wp-elements-21 wp-block-paragraph\" style=\"font-family:Lato;font-size:15px\"><\/p>\n\n\n\n<p class=\"has-arsenic-color has-text-color has-link-color has-lato-font-family has-custom-font wp-elements-22 wp-block-paragraph\" style=\"font-family:Lato;font-size:15px\"><\/p>\n<\/div>\n\n\n\n<div class=\"wp-block-column is-layout-flow wp-block-column-is-layout-flow\">\n<figure class=\"wp-block-image size-large\"><img loading=\"lazy\" decoding=\"async\" width=\"1024\" height=\"683\" src=\"https:\/\/www.acquaduci.it\/wp-content\/uploads\/2025\/10\/imgi_42_Il-quartiere-ebraico-Siracusa-1024x683.jpg\" alt=\"Strada pittoresca con tavoli all'aperto di ristorante e muri colorati diurni in Italia\" class=\"wp-image-2434\" srcset=\"https:\/\/www.acquaduci.it\/wp-content\/uploads\/2025\/10\/imgi_42_Il-quartiere-ebraico-Siracusa-1024x683.jpg 1024w, https:\/\/www.acquaduci.it\/wp-content\/uploads\/2025\/10\/imgi_42_Il-quartiere-ebraico-Siracusa-300x200.jpg 300w, https:\/\/www.acquaduci.it\/wp-content\/uploads\/2025\/10\/imgi_42_Il-quartiere-ebraico-Siracusa-768x512.jpg 768w, https:\/\/www.acquaduci.it\/wp-content\/uploads\/2025\/10\/imgi_42_Il-quartiere-ebraico-Siracusa-892x595.jpg 892w, https:\/\/www.acquaduci.it\/wp-content\/uploads\/2025\/10\/imgi_42_Il-quartiere-ebraico-Siracusa.jpg 1080w\" sizes=\"auto, (max-width: 1024px) 100vw, 1024px\" \/><\/figure>\n<\/div>\n<\/div>\n<\/div><\/div><\/div><\/div><\/div>\n\n\n\n<div class=\"wp-block-getwid-section alignwide alignwide\"><div class=\"wp-block-getwid-section__wrapper\"><div class=\"wp-block-getwid-section__inner-wrapper\"><div class=\"wp-block-getwid-section__background-holder\"><div class=\"wp-block-getwid-section__background has-background\" style=\"background-color:#f1f0ed\"><\/div><div class=\"wp-block-getwid-section__foreground\"><\/div><\/div><div class=\"wp-block-getwid-section__content\"><div class=\"wp-block-getwid-section__inner-content\">\n<h2 class=\"wp-block-heading has-text-align-center has-arsenic-color has-text-color has-link-color wp-elements-23\">Unser ANGEBOT<br><\/h2>\n\n\n\n<p class=\"has-text-align-center has-lato-font-family has-custom-font has-custom-weight wp-block-paragraph\" style=\"font-family:Lato;font-weight:400;font-size:18px\">Entdecken Sie das Beste!<a href=\"https:\/\/www.acquaduci.it\/rooms\/acquaduci_plus\/\"><\/a><\/p>\n\n\n<div class=\"mphb_sc_rooms-wrapper mphb-room-types \">    <div class=\"loop-rooms-wrapper\">\r\n\t\r\n<div class=\"mphb-room-type post-2964 mphb_room_type type-mphb_room_type status-publish has-post-thumbnail mphb_room_type_category-rooms mphb_room_type_facility-badezimmer-essentials mphb_room_type_facility-flachbildfernseher mphb_room_type_facility-heizung mphb_room_type_facility-klimaanlage mphb_room_type_facility-schlafzimmerkomfort mphb_room_type_facility-wifi mphb-room-type-adults-4 mphb-room-type-children-2 \">\r\n\r\n\t\r\n    <div class=\"loop-room-wrapper\">\r\n\t\t            <div class=\"loop-room-images-wrapper\">\r\n\t\t\t\t<div class=\"loop-room-categories\"><a href=\"https:\/\/www.acquaduci.it\/de\/accommodation-category\/rooms\/\" rel=\"tag\">rooms<\/a><\/div>\n\n\t<div class=\"mphb-room-type-images\">\n\t<div id='mphb-flexslider-gallery-1' class='gallery-columns-1 gallery-size-booklium-square mphb-gallery-main-slider mphb-flexslider-gallery-wrapper mphb-room-type-gallery-wrapper mphb-gallery-main-slider-6a9d3049a4875' data-flexslider-atts='{\"animation\":\"slide\",\"controlNav\":false,\"animationLoop\":true,\"smoothHeight\":true,\"slideshow\":false}' data-group='6a9d3049a4875'><ul class=\"slides\"><li class='gallery-item'><span class='gallery-icon landscape'>\n\t\t\t\t<a href=\"https:\/\/www.acquaduci.it\/de\/accommodation\/acquaduci\/\"><img loading=\"lazy\" decoding=\"async\" width=\"892\" height=\"892\" src=\"https:\/\/www.acquaduci.it\/wp-content\/uploads\/2025\/10\/imgi_36_n-892x892.jpg\" class=\"attachment-booklium-square size-booklium-square\" alt=\"\" srcset=\"https:\/\/www.acquaduci.it\/wp-content\/uploads\/2025\/10\/imgi_36_n-892x892.jpg 892w, https:\/\/www.acquaduci.it\/wp-content\/uploads\/2025\/10\/imgi_36_n-150x150.jpg 150w\" sizes=\"auto, (max-width: 892px) 100vw, 892px\" \/><\/a>\n\t\t\t<\/span><\/li><li class='gallery-item'><span class='gallery-icon landscape'>\n\t\t\t\t<a href=\"https:\/\/www.acquaduci.it\/de\/accommodation\/acquaduci\/\"><img loading=\"lazy\" decoding=\"async\" width=\"892\" height=\"892\" src=\"https:\/\/www.acquaduci.it\/wp-content\/uploads\/2025\/10\/imgi_37_m-892x892.jpg\" class=\"attachment-booklium-square size-booklium-square\" alt=\"\" srcset=\"https:\/\/www.acquaduci.it\/wp-content\/uploads\/2025\/10\/imgi_37_m-892x892.jpg 892w, https:\/\/www.acquaduci.it\/wp-content\/uploads\/2025\/10\/imgi_37_m-150x150.jpg 150w\" sizes=\"auto, (max-width: 892px) 100vw, 892px\" \/><\/a>\n\t\t\t<\/span><\/li><li class='gallery-item'><span class='gallery-icon landscape'>\n\t\t\t\t<a href=\"https:\/\/www.acquaduci.it\/de\/accommodation\/acquaduci\/\"><img loading=\"lazy\" decoding=\"async\" width=\"892\" height=\"892\" src=\"https:\/\/www.acquaduci.it\/wp-content\/uploads\/2025\/10\/imgi_38_g-892x892.jpg\" class=\"attachment-booklium-square size-booklium-square\" alt=\"\" srcset=\"https:\/\/www.acquaduci.it\/wp-content\/uploads\/2025\/10\/imgi_38_g-892x892.jpg 892w, https:\/\/www.acquaduci.it\/wp-content\/uploads\/2025\/10\/imgi_38_g-150x150.jpg 150w\" sizes=\"auto, (max-width: 892px) 100vw, 892px\" \/><\/a>\n\t\t\t<\/span><\/li><li class='gallery-item'><span class='gallery-icon landscape'>\n\t\t\t\t<a href=\"https:\/\/www.acquaduci.it\/de\/accommodation\/acquaduci\/\"><img loading=\"lazy\" decoding=\"async\" width=\"892\" height=\"892\" src=\"https:\/\/www.acquaduci.it\/wp-content\/uploads\/2025\/10\/imgi_39_aa-892x892.jpg\" class=\"attachment-booklium-square size-booklium-square\" alt=\"\" srcset=\"https:\/\/www.acquaduci.it\/wp-content\/uploads\/2025\/10\/imgi_39_aa-892x892.jpg 892w, https:\/\/www.acquaduci.it\/wp-content\/uploads\/2025\/10\/imgi_39_aa-150x150.jpg 150w\" sizes=\"auto, (max-width: 892px) 100vw, 892px\" \/><\/a>\n\t\t\t<\/span><\/li><li class='gallery-item'><span class='gallery-icon landscape'>\n\t\t\t\t<a href=\"https:\/\/www.acquaduci.it\/de\/accommodation\/acquaduci\/\"><img loading=\"lazy\" decoding=\"async\" width=\"892\" height=\"892\" src=\"https:\/\/www.acquaduci.it\/wp-content\/uploads\/2025\/10\/imgi_43_g-892x892.webp\" class=\"attachment-booklium-square size-booklium-square\" alt=\"Panoramaterrasse mit Meerblick, eleganter Einrichtung und Topfpflanzen, ideal zum Entspannen und f\u00fcr gesellige Stunden im Freien.\" srcset=\"https:\/\/www.acquaduci.it\/wp-content\/uploads\/2025\/10\/imgi_43_g-892x892.webp 892w, https:\/\/www.acquaduci.it\/wp-content\/uploads\/2025\/10\/imgi_43_g-150x150.webp 150w\" sizes=\"auto, (max-width: 892px) 100vw, 892px\" \/><\/a>\n\t\t\t<\/span><\/li><li class='gallery-item'><span class='gallery-icon landscape'>\n\t\t\t\t<a href=\"https:\/\/www.acquaduci.it\/de\/accommodation\/acquaduci\/\"><img loading=\"lazy\" decoding=\"async\" width=\"892\" height=\"892\" src=\"https:\/\/www.acquaduci.it\/wp-content\/uploads\/2025\/10\/imgi_44_i-892x892.webp\" class=\"attachment-booklium-square size-booklium-square\" alt=\"\" srcset=\"https:\/\/www.acquaduci.it\/wp-content\/uploads\/2025\/10\/imgi_44_i-892x892.webp 892w, https:\/\/www.acquaduci.it\/wp-content\/uploads\/2025\/10\/imgi_44_i-150x150.webp 150w\" sizes=\"auto, (max-width: 892px) 100vw, 892px\" \/><\/a>\n\t\t\t<\/span><\/li><li class='gallery-item'><span class='gallery-icon landscape'>\n\t\t\t\t<a href=\"https:\/\/www.acquaduci.it\/de\/accommodation\/acquaduci\/\"><img loading=\"lazy\" decoding=\"async\" width=\"892\" height=\"892\" src=\"https:\/\/www.acquaduci.it\/wp-content\/uploads\/2025\/10\/imgi_45_l-892x892.webp\" class=\"attachment-booklium-square size-booklium-square\" alt=\"\" srcset=\"https:\/\/www.acquaduci.it\/wp-content\/uploads\/2025\/10\/imgi_45_l-892x892.webp 892w, https:\/\/www.acquaduci.it\/wp-content\/uploads\/2025\/10\/imgi_45_l-150x150.webp 150w\" sizes=\"auto, (max-width: 892px) 100vw, 892px\" \/><\/a>\n\t\t\t<\/span><\/li><li class='gallery-item'><span class='gallery-icon landscape'>\n\t\t\t\t<a href=\"https:\/\/www.acquaduci.it\/de\/accommodation\/acquaduci\/\"><img loading=\"lazy\" decoding=\"async\" width=\"892\" height=\"892\" src=\"https:\/\/www.acquaduci.it\/wp-content\/uploads\/2025\/10\/imgi_46_f-1-892x892.webp\" class=\"attachment-booklium-square size-booklium-square\" alt=\"\" srcset=\"https:\/\/www.acquaduci.it\/wp-content\/uploads\/2025\/10\/imgi_46_f-1-892x892.webp 892w, https:\/\/www.acquaduci.it\/wp-content\/uploads\/2025\/10\/imgi_46_f-1-150x150.webp 150w\" sizes=\"auto, (max-width: 892px) 100vw, 892px\" \/><\/a>\n\t\t\t<\/span><\/li><li class='gallery-item'><span class='gallery-icon landscape'>\n\t\t\t\t<a href=\"https:\/\/www.acquaduci.it\/de\/accommodation\/acquaduci\/\"><img loading=\"lazy\" decoding=\"async\" width=\"892\" height=\"892\" src=\"https:\/\/www.acquaduci.it\/wp-content\/uploads\/2025\/10\/imgi_47_q-892x892.webp\" class=\"attachment-booklium-square size-booklium-square\" alt=\"\" srcset=\"https:\/\/www.acquaduci.it\/wp-content\/uploads\/2025\/10\/imgi_47_q-892x892.webp 892w, https:\/\/www.acquaduci.it\/wp-content\/uploads\/2025\/10\/imgi_47_q-150x150.webp 150w\" sizes=\"auto, (max-width: 892px) 100vw, 892px\" \/><\/a>\n\t\t\t<\/span><\/li><li class='gallery-item'><span class='gallery-icon landscape'>\n\t\t\t\t<a href=\"https:\/\/www.acquaduci.it\/de\/accommodation\/acquaduci\/\"><img loading=\"lazy\" decoding=\"async\" width=\"892\" height=\"892\" src=\"https:\/\/www.acquaduci.it\/wp-content\/uploads\/2025\/10\/imgi_48_r-892x892.webp\" class=\"attachment-booklium-square size-booklium-square\" alt=\"\" srcset=\"https:\/\/www.acquaduci.it\/wp-content\/uploads\/2025\/10\/imgi_48_r-892x892.webp 892w, https:\/\/www.acquaduci.it\/wp-content\/uploads\/2025\/10\/imgi_48_r-150x150.webp 150w\" sizes=\"auto, (max-width: 892px) 100vw, 892px\" \/><\/a>\n\t\t\t<\/span><\/li><li class='gallery-item'><span class='gallery-icon landscape'>\n\t\t\t\t<a href=\"https:\/\/www.acquaduci.it\/de\/accommodation\/acquaduci\/\"><img loading=\"lazy\" decoding=\"async\" width=\"892\" height=\"892\" src=\"https:\/\/www.acquaduci.it\/wp-content\/uploads\/2025\/10\/imgi_49_p-892x892.webp\" class=\"attachment-booklium-square size-booklium-square\" alt=\"\" srcset=\"https:\/\/www.acquaduci.it\/wp-content\/uploads\/2025\/10\/imgi_49_p-892x892.webp 892w, https:\/\/www.acquaduci.it\/wp-content\/uploads\/2025\/10\/imgi_49_p-150x150.webp 150w\" sizes=\"auto, (max-width: 892px) 100vw, 892px\" \/><\/a>\n\t\t\t<\/span><\/li><li class='gallery-item'><span class='gallery-icon landscape'>\n\t\t\t\t<a href=\"https:\/\/www.acquaduci.it\/de\/accommodation\/acquaduci\/\"><img loading=\"lazy\" decoding=\"async\" width=\"892\" height=\"892\" src=\"https:\/\/www.acquaduci.it\/wp-content\/uploads\/2025\/10\/imgi_50_ab-892x892.webp\" class=\"attachment-booklium-square size-booklium-square\" alt=\"\" srcset=\"https:\/\/www.acquaduci.it\/wp-content\/uploads\/2025\/10\/imgi_50_ab-892x892.webp 892w, https:\/\/www.acquaduci.it\/wp-content\/uploads\/2025\/10\/imgi_50_ab-150x150.webp 150w\" sizes=\"auto, (max-width: 892px) 100vw, 892px\" \/><\/a>\n\t\t\t<\/span><\/li><li class='gallery-item'><span class='gallery-icon landscape'>\n\t\t\t\t<a href=\"https:\/\/www.acquaduci.it\/de\/accommodation\/acquaduci\/\"><img loading=\"lazy\" decoding=\"async\" width=\"892\" height=\"892\" src=\"https:\/\/www.acquaduci.it\/wp-content\/uploads\/2025\/10\/imgi_51_u-892x892.webp\" class=\"attachment-booklium-square size-booklium-square\" alt=\"\" srcset=\"https:\/\/www.acquaduci.it\/wp-content\/uploads\/2025\/10\/imgi_51_u-892x892.webp 892w, https:\/\/www.acquaduci.it\/wp-content\/uploads\/2025\/10\/imgi_51_u-150x150.webp 150w\" sizes=\"auto, (max-width: 892px) 100vw, 892px\" \/><\/a>\n\t\t\t<\/span><\/li><li class='gallery-item'><span class='gallery-icon landscape'>\n\t\t\t\t<a href=\"https:\/\/www.acquaduci.it\/de\/accommodation\/acquaduci\/\"><img loading=\"lazy\" decoding=\"async\" width=\"892\" height=\"892\" src=\"https:\/\/www.acquaduci.it\/wp-content\/uploads\/2025\/10\/imgi_52_t-892x892.webp\" class=\"attachment-booklium-square size-booklium-square\" alt=\"\" srcset=\"https:\/\/www.acquaduci.it\/wp-content\/uploads\/2025\/10\/imgi_52_t-892x892.webp 892w, https:\/\/www.acquaduci.it\/wp-content\/uploads\/2025\/10\/imgi_52_t-150x150.webp 150w\" sizes=\"auto, (max-width: 892px) 100vw, 892px\" \/><\/a>\n\t\t\t<\/span><\/li><li class='gallery-item'><span class='gallery-icon landscape'>\n\t\t\t\t<a href=\"https:\/\/www.acquaduci.it\/de\/accommodation\/acquaduci\/\"><img loading=\"lazy\" decoding=\"async\" width=\"892\" height=\"892\" src=\"https:\/\/www.acquaduci.it\/wp-content\/uploads\/2025\/10\/imgi_53_s-892x892.webp\" class=\"attachment-booklium-square size-booklium-square\" alt=\"\" srcset=\"https:\/\/www.acquaduci.it\/wp-content\/uploads\/2025\/10\/imgi_53_s-892x892.webp 892w, https:\/\/www.acquaduci.it\/wp-content\/uploads\/2025\/10\/imgi_53_s-150x150.webp 150w\" sizes=\"auto, (max-width: 892px) 100vw, 892px\" \/><\/a>\n\t\t\t<\/span><\/li><\/ul>\n\t\t<\/div>\n\n\t<\/div>\n\t            <\/div>\r\n\t\t\t            <div class=\"loop-room-info-wrapper\">\r\n\t\t\t\t\n<h2 class=\"mphb-room-type-title entry-title\">\n\n<a class=\"mphb-room-type-title\" href=\"https:\/\/www.acquaduci.it\/de\/accommodation\/acquaduci\/\">Acquaduci<\/a>\n\n<\/h2>    <ul class=\"loop-room-short-attributes\">\r\n\t\t<li class=\"mphb-room-type-total-capacity\"><span class=\"mphb-attribute-title mphb-total-capacity-title\">G\u00e4ste:<\/span><span class=\"mphb-attribute-value\">\n\t4\n\t<\/span><\/li>\t\n\n\n\n\n\t<li class=\"mphb-room-type-size\"><span class=\"mphb-attribute-title mphb-size-title\">Gr\u00f6\u00dfe:<\/span><span class=\"mphb-attribute-value\">\n\t60m\u00b2\n\t<\/span><\/li>\n\t    <\/ul>\r\n\t\n\n<p>ACQUADUCI \u2606\u2606\u2606\u2606\u2606Wundersch\u00f6ne Ferienwohnung mit allem Komfort direkt am Meer an der Strandpromenade Pietrenere in <a href=\"https:\/\/www.acquaduci.it\/de\/pozzallo\/\">Pozzallo<\/a> mit privater Terrasse mit Meerblick. Der Strand und das flache Meer machen <a href=\"https:\/\/www.acquaduci.it\/de\/pozzallo\/\">Pozzallo<\/a> zum idealen Ort f\u00fcr Ihren Urlaub mit Ihren Kindern. Nur wenige Kilometer vom Haus entfernt k\u00f6nnen Sie folgende Orte besuchen:\u00bb <a href=\"https:\/\/www.acquaduci.it\/de\/reiserouten\/scicli\/\">Scicli<\/a>,\u00bb Modica,\u00bb <a href=\"https:\/\/www.acquaduci.it\/de\/reiserouten\/ragusa-ibla\/\">Ragusa Ibla<\/a>,\u00bb <a href=\"https:\/\/www.acquaduci.it\/de\/reiserouten\/noto-syrakus\/\">Noto<\/a>,\u00bb Syrakus. WLAN [&hellip;]<\/p>\n\n\n<ul class=\"mphb-loop-room-type-attributes\">\n\n\n\n\t<li class=\"mphb-room-type-view\"><span class=\"mphb-attribute-title mphb-view-title\">Ansicht:<\/span><span class=\"mphb-attribute-value\">\n\tTerrasse mit Meerblick\n\t<\/span><\/li>\n\t\n\n\t<li class=\"mphb-room-type-bed-type\"><span  class=\"mphb-attribute-title mphb-bed-type-title\">Bettentyp:<\/span><span class=\"mphb-attribute-value\">\n\t1 Doppelzimmer + 1 Schlafsofa (Wohnbereich)\n\t<\/span><\/li>\n\t\n\n\t<li class=\"mphb-room-type-categories\"><span class=\"mphb-attribute-title mphb-categories-title\">Kategorien:<\/span><span class=\"mphb-attribute-value\"> <span class=\"category-rooms\"><a href=\"https:\/\/www.acquaduci.it\/de\/accommodation-category\/rooms\/\">rooms<\/a><\/span><\/span><\/li>\n\t\n\n\t<li class=\"mphb-room-type-facilities\"><span class=\"mphb-attribute-title mphb-facilities-title\">Ausstattungen:<\/span><span class=\"mphb-attribute-value\"> <span class=\"facility-badezimmer-essentials\"><a href=\"https:\/\/www.acquaduci.it\/de\/accommodation-facility\/badezimmer-essentials\/\">Badezimmer-Essentials<\/a><\/span>, <span class=\"facility-flachbildfernseher\"><a href=\"https:\/\/www.acquaduci.it\/de\/accommodation-facility\/flachbildfernseher\/\">Flachbildfernseher<\/a><\/span>, <span class=\"facility-heizung\"><a href=\"https:\/\/www.acquaduci.it\/de\/accommodation-facility\/heizung\/\">Heizung<\/a><\/span>, <span class=\"facility-klimaanlage\"><a href=\"https:\/\/www.acquaduci.it\/de\/accommodation-facility\/klimaanlage\/\">Klimaanlage<\/a><\/span>, <span class=\"facility-schlafzimmerkomfort\"><a href=\"https:\/\/www.acquaduci.it\/de\/accommodation-facility\/schlafzimmerkomfort\/\">Schlafzimmerkomfort<\/a><\/span>, <span class=\"facility-wifi\"><a href=\"https:\/\/www.acquaduci.it\/de\/accommodation-facility\/wifi\/\">WiFi<\/a><\/span><\/span><\/li>\n\t\n<\/ul>            <\/div>\r\n\t\t            <div class=\"loop-room-book-wrapper\">\r\n\t\t\t\t\n\n\t<p class=\"mphb-regular-price\"><strong>Preis:<\/strong>\n\t<span class=\"mphb-price\"><span class=\"mphb-currency\">&euro;<\/span>183<\/span> <span class=\"mphb-price-period\" title=\"W\u00e4hlen Sie Daten, um relevante Preise zu sehen\">f\u00fcr 1 N\u00e4chte<\/span>\n\t<\/p>\n\t\n<div class=\"mphb-to-book-btn-wrapper\">\n<form action=\"https:\/\/www.acquaduci.it\/de\/accommodation\/acquaduci\/#booking-form-2964\" method=\"get\" ><button type=\"submit\" class=\"button mphb-book-button\" >Buchen<\/button><\/form>\n<br\/><\/div>            <\/div>\r\n\t\t\r\n    <\/div>\r\n\t\r\n<\/div>\r\n\r\n\r\n<div class=\"mphb-room-type post-2957 mphb_room_type type-mphb_room_type status-publish has-post-thumbnail mphb_room_type_category-rooms mphb_room_type_facility-badezimmer-essentials mphb_room_type_facility-flachbildfernseher mphb_room_type_facility-heizung mphb_room_type_facility-klimaanlage mphb_room_type_facility-parkplatz mphb_room_type_facility-schlafzimmerkomfort mphb_room_type_facility-wifi mphb-room-type-adults-4 mphb-room-type-children-3 \">\r\n\r\n\t\r\n    <div class=\"loop-room-wrapper\">\r\n\t\t            <div class=\"loop-room-images-wrapper\">\r\n\t\t\t\t<div class=\"loop-room-categories\"><a href=\"https:\/\/www.acquaduci.it\/de\/accommodation-category\/rooms\/\" rel=\"tag\">rooms<\/a><\/div>\n\n\t<div class=\"mphb-room-type-images\">\n\t<div id='mphb-flexslider-gallery-2' class='gallery-columns-1 gallery-size-booklium-square mphb-gallery-main-slider mphb-flexslider-gallery-wrapper mphb-room-type-gallery-wrapper mphb-gallery-main-slider-6a9d3049b6b53' data-flexslider-atts='{\"animation\":\"slide\",\"controlNav\":false,\"animationLoop\":true,\"smoothHeight\":true,\"slideshow\":false}' data-group='6a9d3049b6b53'><ul class=\"slides\"><li class='gallery-item'><span class='gallery-icon landscape'>\n\t\t\t\t<a href=\"https:\/\/www.acquaduci.it\/de\/accommodation\/acquaduci-plus\/\"><img loading=\"lazy\" decoding=\"async\" width=\"892\" height=\"675\" src=\"https:\/\/www.acquaduci.it\/wp-content\/uploads\/2024\/09\/240724_POZZALLO_0090-892x675.jpg\" class=\"attachment-booklium-square size-booklium-square\" alt=\"Ferienhaus am Meer in Sizilien\" \/><\/a>\n\t\t\t<\/span><\/li><li class='gallery-item'><span class='gallery-icon landscape'>\n\t\t\t\t<a href=\"https:\/\/www.acquaduci.it\/de\/accommodation\/acquaduci-plus\/\"><img loading=\"lazy\" decoding=\"async\" width=\"892\" height=\"892\" src=\"https:\/\/www.acquaduci.it\/wp-content\/uploads\/2024\/09\/240724_POZZALLO_0111-892x892.jpg\" class=\"attachment-booklium-square size-booklium-square\" alt=\"Camera da letto moderna con parete decorativa con illustrazioni di foglie e farfalle, letto con lenzuola bianche\" srcset=\"https:\/\/www.acquaduci.it\/wp-content\/uploads\/2024\/09\/240724_POZZALLO_0111-892x892.jpg 892w, https:\/\/www.acquaduci.it\/wp-content\/uploads\/2024\/09\/240724_POZZALLO_0111-150x150.jpg 150w\" sizes=\"auto, (max-width: 892px) 100vw, 892px\" \/><\/a>\n\t\t\t<\/span><\/li><li class='gallery-item'><span class='gallery-icon landscape'>\n\t\t\t\t<a href=\"https:\/\/www.acquaduci.it\/de\/accommodation\/acquaduci-plus\/\"><img loading=\"lazy\" decoding=\"async\" width=\"892\" height=\"892\" src=\"https:\/\/www.acquaduci.it\/wp-content\/uploads\/2024\/09\/240724_POZZALLO_0284-892x892.jpg\" class=\"attachment-booklium-square size-booklium-square\" alt=\"Cucina moderna e luminosa con tavolo da pranzo, frigorifero e vista sul mare attraverso la finestra\" srcset=\"https:\/\/www.acquaduci.it\/wp-content\/uploads\/2024\/09\/240724_POZZALLO_0284-892x892.jpg 892w, https:\/\/www.acquaduci.it\/wp-content\/uploads\/2024\/09\/240724_POZZALLO_0284-150x150.jpg 150w\" sizes=\"auto, (max-width: 892px) 100vw, 892px\" \/><\/a>\n\t\t\t<\/span><\/li><li class='gallery-item'><span class='gallery-icon landscape'>\n\t\t\t\t<a href=\"https:\/\/www.acquaduci.it\/de\/accommodation\/acquaduci-plus\/\"><img loading=\"lazy\" decoding=\"async\" width=\"892\" height=\"892\" src=\"https:\/\/www.acquaduci.it\/wp-content\/uploads\/2025\/10\/240724_POZZALLO_0009-3-892x892.jpg\" class=\"attachment-booklium-square size-booklium-square\" alt=\"\" aria-describedby=\"mphb-flexslider-gallery-2-2960\" srcset=\"https:\/\/www.acquaduci.it\/wp-content\/uploads\/2025\/10\/240724_POZZALLO_0009-3-892x892.jpg 892w, https:\/\/www.acquaduci.it\/wp-content\/uploads\/2025\/10\/240724_POZZALLO_0009-3-150x150.jpg 150w\" sizes=\"auto, (max-width: 892px) 100vw, 892px\" \/><\/a>\n\t\t\t<\/span><\/li><li class='gallery-item'><span class='gallery-icon landscape'>\n\t\t\t\t<a href=\"https:\/\/www.acquaduci.it\/de\/accommodation\/acquaduci-plus\/\"><img loading=\"lazy\" decoding=\"async\" width=\"892\" height=\"892\" src=\"https:\/\/www.acquaduci.it\/wp-content\/uploads\/2025\/10\/240724_POZZALLO_0016-892x892.jpg\" class=\"attachment-booklium-square size-booklium-square\" alt=\"\" aria-describedby=\"mphb-flexslider-gallery-2-2958\" srcset=\"https:\/\/www.acquaduci.it\/wp-content\/uploads\/2025\/10\/240724_POZZALLO_0016-892x892.jpg 892w, https:\/\/www.acquaduci.it\/wp-content\/uploads\/2025\/10\/240724_POZZALLO_0016-150x150.jpg 150w\" sizes=\"auto, (max-width: 892px) 100vw, 892px\" \/><\/a>\n\t\t\t<\/span><\/li><li class='gallery-item'><span class='gallery-icon landscape'>\n\t\t\t\t<a href=\"https:\/\/www.acquaduci.it\/de\/accommodation\/acquaduci-plus\/\"><img loading=\"lazy\" decoding=\"async\" width=\"892\" height=\"886\" src=\"https:\/\/www.acquaduci.it\/wp-content\/uploads\/2024\/09\/240724_POZZALLO_0297-892x886.jpg\" class=\"attachment-booklium-square size-booklium-square\" alt=\"Camera da letto luminosa con vista sul mare e accesso a un balcone con sedie all&#039;aperto\" srcset=\"https:\/\/www.acquaduci.it\/wp-content\/uploads\/2024\/09\/240724_POZZALLO_0297-892x886.jpg 892w, https:\/\/www.acquaduci.it\/wp-content\/uploads\/2024\/09\/240724_POZZALLO_0297-150x150.jpg 150w\" sizes=\"auto, (max-width: 892px) 100vw, 892px\" \/><\/a>\n\t\t\t<\/span><\/li><li class='gallery-item'><span class='gallery-icon landscape'>\n\t\t\t\t<a href=\"https:\/\/www.acquaduci.it\/de\/accommodation\/acquaduci-plus\/\"><img loading=\"lazy\" decoding=\"async\" width=\"892\" height=\"892\" src=\"https:\/\/www.acquaduci.it\/wp-content\/uploads\/2024\/09\/240724_POZZALLO_0281-892x892.jpg\" class=\"attachment-booklium-square size-booklium-square\" alt=\"Terrazza panoramica con mobili da esterno, vista mare e area relax con sedie e tavolo\" srcset=\"https:\/\/www.acquaduci.it\/wp-content\/uploads\/2024\/09\/240724_POZZALLO_0281-892x892.jpg 892w, https:\/\/www.acquaduci.it\/wp-content\/uploads\/2024\/09\/240724_POZZALLO_0281-150x150.jpg 150w\" sizes=\"auto, (max-width: 892px) 100vw, 892px\" \/><\/a>\n\t\t\t<\/span><\/li><li class='gallery-item'><span class='gallery-icon landscape'>\n\t\t\t\t<a href=\"https:\/\/www.acquaduci.it\/de\/accommodation\/acquaduci-plus\/\"><img loading=\"lazy\" decoding=\"async\" width=\"892\" height=\"892\" src=\"https:\/\/www.acquaduci.it\/wp-content\/uploads\/2024\/09\/240724_POZZALLO_0277-892x892.jpg\" class=\"attachment-booklium-square size-booklium-square\" alt=\"Tavolo da esterno con bevande, riviste e snack su una terrazza con vista mare e arredi minimalisti\" srcset=\"https:\/\/www.acquaduci.it\/wp-content\/uploads\/2024\/09\/240724_POZZALLO_0277-892x892.jpg 892w, https:\/\/www.acquaduci.it\/wp-content\/uploads\/2024\/09\/240724_POZZALLO_0277-150x150.jpg 150w\" sizes=\"auto, (max-width: 892px) 100vw, 892px\" \/><\/a>\n\t\t\t<\/span><\/li><li class='gallery-item'><span class='gallery-icon landscape'>\n\t\t\t\t<a href=\"https:\/\/www.acquaduci.it\/de\/accommodation\/acquaduci-plus\/\"><img loading=\"lazy\" decoding=\"async\" width=\"892\" height=\"892\" src=\"https:\/\/www.acquaduci.it\/wp-content\/uploads\/2024\/09\/240724_POZZALLO_0351-892x892.jpg\" class=\"attachment-booklium-square size-booklium-square\" alt=\"Entschleunigtes Leben in Sizilien: Erholsamer Urlaub in Pozzallo\" srcset=\"https:\/\/www.acquaduci.it\/wp-content\/uploads\/2024\/09\/240724_POZZALLO_0351-892x892.jpg 892w, https:\/\/www.acquaduci.it\/wp-content\/uploads\/2024\/09\/240724_POZZALLO_0351-150x150.jpg 150w\" sizes=\"auto, (max-width: 892px) 100vw, 892px\" \/><\/a>\n\t\t\t<\/span><\/li><li class='gallery-item'><span class='gallery-icon landscape'>\n\t\t\t\t<a href=\"https:\/\/www.acquaduci.it\/de\/accommodation\/acquaduci-plus\/\"><img loading=\"lazy\" decoding=\"async\" width=\"892\" height=\"892\" src=\"https:\/\/www.acquaduci.it\/wp-content\/uploads\/2024\/09\/240724_POZZALLO_0372-892x892.jpg\" class=\"attachment-booklium-square size-booklium-square\" alt=\"Terrazza panoramica all&#039;aperto con arredamento elegante e vista sul mare al tramonto\" srcset=\"https:\/\/www.acquaduci.it\/wp-content\/uploads\/2024\/09\/240724_POZZALLO_0372-892x892.jpg 892w, https:\/\/www.acquaduci.it\/wp-content\/uploads\/2024\/09\/240724_POZZALLO_0372-150x150.jpg 150w\" sizes=\"auto, (max-width: 892px) 100vw, 892px\" \/><\/a>\n\t\t\t<\/span><\/li><li class='gallery-item'><span class='gallery-icon landscape'>\n\t\t\t\t<a href=\"https:\/\/www.acquaduci.it\/de\/accommodation\/acquaduci-plus\/\"><img loading=\"lazy\" decoding=\"async\" width=\"892\" height=\"892\" src=\"https:\/\/www.acquaduci.it\/wp-content\/uploads\/2024\/09\/240724_POZZALLO_0239-892x892.jpg\" class=\"attachment-booklium-square size-booklium-square\" alt=\"Stanza moderna con pareti verdi, letto matrimoniale con cuscino decorativo e specchio rotondo sopra un com\u00f2 bianco\" srcset=\"https:\/\/www.acquaduci.it\/wp-content\/uploads\/2024\/09\/240724_POZZALLO_0239-892x892.jpg 892w, https:\/\/www.acquaduci.it\/wp-content\/uploads\/2024\/09\/240724_POZZALLO_0239-150x150.jpg 150w\" sizes=\"auto, (max-width: 892px) 100vw, 892px\" \/><\/a>\n\t\t\t<\/span><\/li><li class='gallery-item'><span class='gallery-icon landscape'>\n\t\t\t\t<a href=\"https:\/\/www.acquaduci.it\/de\/accommodation\/acquaduci-plus\/\"><img loading=\"lazy\" decoding=\"async\" width=\"892\" height=\"796\" src=\"https:\/\/www.acquaduci.it\/wp-content\/uploads\/2024\/09\/240724_POZZALLO_0229-892x796.jpg\" class=\"attachment-booklium-square size-booklium-square\" alt=\"Camera da letto moderna con parete verde, letto matrimoniale, finestra con tende e balcone, arredi eleganti e decorazioni minimaliste\" \/><\/a>\n\t\t\t<\/span><\/li><li class='gallery-item'><span class='gallery-icon landscape'>\n\t\t\t\t<a href=\"https:\/\/www.acquaduci.it\/de\/accommodation\/acquaduci-plus\/\"><img loading=\"lazy\" decoding=\"async\" width=\"892\" height=\"892\" src=\"https:\/\/www.acquaduci.it\/wp-content\/uploads\/2024\/09\/240724_POZZALLO_0198-892x892.jpg\" class=\"attachment-booklium-square size-booklium-square\" alt=\"Camera da letto moderna con parete verde, letto matrimoniale con cuscini e lampade da lettura ai lati\" srcset=\"https:\/\/www.acquaduci.it\/wp-content\/uploads\/2024\/09\/240724_POZZALLO_0198-892x892.jpg 892w, https:\/\/www.acquaduci.it\/wp-content\/uploads\/2024\/09\/240724_POZZALLO_0198-150x150.jpg 150w\" sizes=\"auto, (max-width: 892px) 100vw, 892px\" \/><\/a>\n\t\t\t<\/span><\/li><li class='gallery-item'><span class='gallery-icon landscape'>\n\t\t\t\t<a href=\"https:\/\/www.acquaduci.it\/de\/accommodation\/acquaduci-plus\/\"><img loading=\"lazy\" decoding=\"async\" width=\"892\" height=\"892\" src=\"https:\/\/www.acquaduci.it\/wp-content\/uploads\/2024\/09\/240724_POZZALLO_0185-892x892.jpg\" class=\"attachment-booklium-square size-booklium-square\" alt=\"Bagno moderno con piastrelle verdi e decorazione floreale sulla parete della doccia, lavabo bianco e accessori di design\" srcset=\"https:\/\/www.acquaduci.it\/wp-content\/uploads\/2024\/09\/240724_POZZALLO_0185-892x892.jpg 892w, https:\/\/www.acquaduci.it\/wp-content\/uploads\/2024\/09\/240724_POZZALLO_0185-150x150.jpg 150w\" sizes=\"auto, (max-width: 892px) 100vw, 892px\" \/><\/a>\n\t\t\t<\/span><\/li><li class='gallery-item'><span class='gallery-icon landscape'>\n\t\t\t\t<a href=\"https:\/\/www.acquaduci.it\/de\/accommodation\/acquaduci-plus\/\"><img loading=\"lazy\" decoding=\"async\" width=\"892\" height=\"892\" src=\"https:\/\/www.acquaduci.it\/wp-content\/uploads\/2024\/09\/240724_POZZALLO_0184-892x892.jpg\" class=\"attachment-booklium-square size-booklium-square\" alt=\"Bagno moderno con pareti in piastrelle verdi, lavabo su mobile di legno e specchio grande sopra il lavandino\" srcset=\"https:\/\/www.acquaduci.it\/wp-content\/uploads\/2024\/09\/240724_POZZALLO_0184-892x892.jpg 892w, https:\/\/www.acquaduci.it\/wp-content\/uploads\/2024\/09\/240724_POZZALLO_0184-150x150.jpg 150w\" sizes=\"auto, (max-width: 892px) 100vw, 892px\" \/><\/a>\n\t\t\t<\/span><\/li><li class='gallery-item'><span class='gallery-icon landscape'>\n\t\t\t\t<a href=\"https:\/\/www.acquaduci.it\/de\/accommodation\/acquaduci-plus\/\"><img loading=\"lazy\" decoding=\"async\" width=\"892\" height=\"892\" src=\"https:\/\/www.acquaduci.it\/wp-content\/uploads\/2024\/09\/240724_POZZALLO_0190-892x892.jpg\" class=\"attachment-booklium-square size-booklium-square\" alt=\"Lavabo rotondo bianco sopra un piano in legno con specchio e fiore di orchidea sullo sfondo\" srcset=\"https:\/\/www.acquaduci.it\/wp-content\/uploads\/2024\/09\/240724_POZZALLO_0190-892x892.jpg 892w, https:\/\/www.acquaduci.it\/wp-content\/uploads\/2024\/09\/240724_POZZALLO_0190-150x150.jpg 150w\" sizes=\"auto, (max-width: 892px) 100vw, 892px\" \/><\/a>\n\t\t\t<\/span><\/li><li class='gallery-item'><span class='gallery-icon landscape'>\n\t\t\t\t<a href=\"https:\/\/www.acquaduci.it\/de\/accommodation\/acquaduci-plus\/\"><img loading=\"lazy\" decoding=\"async\" width=\"892\" height=\"892\" src=\"https:\/\/www.acquaduci.it\/wp-content\/uploads\/2024\/09\/240724_POZZALLO_0145-892x892.jpg\" class=\"attachment-booklium-square size-booklium-square\" alt=\"Interno di un soggiorno e cucina moderni con soggiorno arredato e zona pranzo con sedie trasparenti\" srcset=\"https:\/\/www.acquaduci.it\/wp-content\/uploads\/2024\/09\/240724_POZZALLO_0145-892x892.jpg 892w, https:\/\/www.acquaduci.it\/wp-content\/uploads\/2024\/09\/240724_POZZALLO_0145-150x150.jpg 150w\" sizes=\"auto, (max-width: 892px) 100vw, 892px\" \/><\/a>\n\t\t\t<\/span><\/li><li class='gallery-item'><span class='gallery-icon landscape'>\n\t\t\t\t<a href=\"https:\/\/www.acquaduci.it\/de\/accommodation\/acquaduci-plus\/\"><img loading=\"lazy\" decoding=\"async\" width=\"892\" height=\"892\" src=\"https:\/\/www.acquaduci.it\/wp-content\/uploads\/2024\/09\/240724_POZZALLO_0141-892x892.jpg\" class=\"attachment-booklium-square size-booklium-square\" alt=\"Cucina moderna con mobili bianchi, scaffale in legno, piano cottura e frigorifero in un ambiente luminoso\" srcset=\"https:\/\/www.acquaduci.it\/wp-content\/uploads\/2024\/09\/240724_POZZALLO_0141-892x892.jpg 892w, https:\/\/www.acquaduci.it\/wp-content\/uploads\/2024\/09\/240724_POZZALLO_0141-150x150.jpg 150w\" sizes=\"auto, (max-width: 892px) 100vw, 892px\" \/><\/a>\n\t\t\t<\/span><\/li><li class='gallery-item'><span class='gallery-icon landscape'>\n\t\t\t\t<a href=\"https:\/\/www.acquaduci.it\/de\/accommodation\/acquaduci-plus\/\"><img loading=\"lazy\" decoding=\"async\" width=\"892\" height=\"892\" src=\"https:\/\/www.acquaduci.it\/wp-content\/uploads\/2024\/09\/240724_POZZALLO_0032-892x892.jpg\" class=\"attachment-booklium-square size-booklium-square\" alt=\"Terrazza panoramica con sedie, ombrelloni e vista sul mare e spiaggia in una giornata soleggiata\" srcset=\"https:\/\/www.acquaduci.it\/wp-content\/uploads\/2024\/09\/240724_POZZALLO_0032-892x892.jpg 892w, https:\/\/www.acquaduci.it\/wp-content\/uploads\/2024\/09\/240724_POZZALLO_0032-150x150.jpg 150w\" sizes=\"auto, (max-width: 892px) 100vw, 892px\" \/><\/a>\n\t\t\t<\/span><\/li><li class='gallery-item'><span class='gallery-icon landscape'>\n\t\t\t\t<a href=\"https:\/\/www.acquaduci.it\/de\/accommodation\/acquaduci-plus\/\"><img loading=\"lazy\" decoding=\"async\" width=\"892\" height=\"892\" src=\"https:\/\/www.acquaduci.it\/wp-content\/uploads\/2025\/10\/240724_POZZALLO_0013-892x892.jpg\" class=\"attachment-booklium-square size-booklium-square\" alt=\"\" aria-describedby=\"mphb-flexslider-gallery-2-2959\" srcset=\"https:\/\/www.acquaduci.it\/wp-content\/uploads\/2025\/10\/240724_POZZALLO_0013-892x892.jpg 892w, https:\/\/www.acquaduci.it\/wp-content\/uploads\/2025\/10\/240724_POZZALLO_0013-150x150.jpg 150w\" sizes=\"auto, (max-width: 892px) 100vw, 892px\" \/><\/a>\n\t\t\t<\/span><\/li><li class='gallery-item'><span class='gallery-icon landscape'>\n\t\t\t\t<a href=\"https:\/\/www.acquaduci.it\/de\/accommodation\/acquaduci-plus\/\"><img loading=\"lazy\" decoding=\"async\" width=\"892\" height=\"892\" src=\"https:\/\/www.acquaduci.it\/wp-content\/uploads\/2024\/09\/240724_POZZALLO_0383-892x892.jpg\" class=\"attachment-booklium-square size-booklium-square\" alt=\"Terrazza moderna con vista mare, mobili da esterno in stile minimalista, piante decorative e cielo sereno\" srcset=\"https:\/\/www.acquaduci.it\/wp-content\/uploads\/2024\/09\/240724_POZZALLO_0383-892x892.jpg 892w, https:\/\/www.acquaduci.it\/wp-content\/uploads\/2024\/09\/240724_POZZALLO_0383-150x150.jpg 150w\" sizes=\"auto, (max-width: 892px) 100vw, 892px\" \/><\/a>\n\t\t\t<\/span><\/li><li class='gallery-item'><span class='gallery-icon landscape'>\n\t\t\t\t<a href=\"https:\/\/www.acquaduci.it\/de\/accommodation\/acquaduci-plus\/\"><img loading=\"lazy\" decoding=\"async\" width=\"892\" height=\"892\" src=\"https:\/\/www.acquaduci.it\/wp-content\/uploads\/2024\/09\/240724_POZZALLO_0381-892x892.jpg\" class=\"attachment-booklium-square size-booklium-square\" alt=\"Terrazza moderna con divani e poltrone, vista panoramica sul mare e sul cielo sereno di sera\" srcset=\"https:\/\/www.acquaduci.it\/wp-content\/uploads\/2024\/09\/240724_POZZALLO_0381-892x892.jpg 892w, https:\/\/www.acquaduci.it\/wp-content\/uploads\/2024\/09\/240724_POZZALLO_0381-150x150.jpg 150w\" sizes=\"auto, (max-width: 892px) 100vw, 892px\" \/><\/a>\n\t\t\t<\/span><\/li><li class='gallery-item'><span class='gallery-icon landscape'>\n\t\t\t\t<a href=\"https:\/\/www.acquaduci.it\/de\/accommodation\/acquaduci-plus\/\"><img loading=\"lazy\" decoding=\"async\" width=\"892\" height=\"892\" src=\"https:\/\/www.acquaduci.it\/wp-content\/uploads\/2024\/09\/240724_POZZALLO_0374-892x892.jpg\" class=\"attachment-booklium-square size-booklium-square\" alt=\"Terrazza moderna con vista mare, sedie e tavolini per relax, illuminazione soffusa e arredamento elegante\" srcset=\"https:\/\/www.acquaduci.it\/wp-content\/uploads\/2024\/09\/240724_POZZALLO_0374-892x892.jpg 892w, https:\/\/www.acquaduci.it\/wp-content\/uploads\/2024\/09\/240724_POZZALLO_0374-150x150.jpg 150w\" sizes=\"auto, (max-width: 892px) 100vw, 892px\" \/><\/a>\n\t\t\t<\/span><\/li><li class='gallery-item'><span class='gallery-icon landscape'>\n\t\t\t\t<a href=\"https:\/\/www.acquaduci.it\/de\/accommodation\/acquaduci-plus\/\"><img loading=\"lazy\" decoding=\"async\" width=\"892\" height=\"892\" src=\"https:\/\/www.acquaduci.it\/wp-content\/uploads\/2024\/09\/240724_POZZALLO_0119-892x892.jpg\" class=\"attachment-booklium-square size-booklium-square\" alt=\"Letto con cuscini bianchi con dettagli blu e decorazioni floreali murali delicate e luminose\" srcset=\"https:\/\/www.acquaduci.it\/wp-content\/uploads\/2024\/09\/240724_POZZALLO_0119-892x892.jpg 892w, https:\/\/www.acquaduci.it\/wp-content\/uploads\/2024\/09\/240724_POZZALLO_0119-150x150.jpg 150w\" sizes=\"auto, (max-width: 892px) 100vw, 892px\" \/><\/a>\n\t\t\t<\/span><\/li><li class='gallery-item'><span class='gallery-icon landscape'>\n\t\t\t\t<a href=\"https:\/\/www.acquaduci.it\/de\/accommodation\/acquaduci-plus\/\"><img loading=\"lazy\" decoding=\"async\" width=\"892\" height=\"892\" src=\"https:\/\/www.acquaduci.it\/wp-content\/uploads\/2024\/09\/240724_POZZALLO_0126-892x892.jpg\" class=\"attachment-booklium-square size-booklium-square\" alt=\"Dettaglio di un angolo di stanza con parete decorata con foglie verdi e letto con cuscino con scritta Artesa\" srcset=\"https:\/\/www.acquaduci.it\/wp-content\/uploads\/2024\/09\/240724_POZZALLO_0126-892x892.jpg 892w, https:\/\/www.acquaduci.it\/wp-content\/uploads\/2024\/09\/240724_POZZALLO_0126-150x150.jpg 150w\" sizes=\"auto, (max-width: 892px) 100vw, 892px\" \/><\/a>\n\t\t\t<\/span><\/li><li class='gallery-item'><span class='gallery-icon landscape'>\n\t\t\t\t<a href=\"https:\/\/www.acquaduci.it\/de\/accommodation\/acquaduci-plus\/\"><img loading=\"lazy\" decoding=\"async\" width=\"892\" height=\"892\" src=\"https:\/\/www.acquaduci.it\/wp-content\/uploads\/2024\/09\/240724_POZZALLO_0129-892x892.jpg\" class=\"attachment-booklium-square size-booklium-square\" alt=\"Vista di una camera da letto con parete decorativa con foglie verdi e armadio bianco aperto\" srcset=\"https:\/\/www.acquaduci.it\/wp-content\/uploads\/2024\/09\/240724_POZZALLO_0129-892x892.jpg 892w, https:\/\/www.acquaduci.it\/wp-content\/uploads\/2024\/09\/240724_POZZALLO_0129-150x150.jpg 150w\" sizes=\"auto, (max-width: 892px) 100vw, 892px\" \/><\/a>\n\t\t\t<\/span><\/li><\/ul>\n\t\t<\/div>\n\n\t<\/div>\n\t            <\/div>\r\n\t\t\t            <div class=\"loop-room-info-wrapper\">\r\n\t\t\t\t\n<h2 class=\"mphb-room-type-title entry-title\">\n\n<a class=\"mphb-room-type-title\" href=\"https:\/\/www.acquaduci.it\/de\/accommodation\/acquaduci-plus\/\">Acquaduci Plus<\/a>\n\n<\/h2>    <ul class=\"loop-room-short-attributes\">\r\n\t\t<li class=\"mphb-room-type-total-capacity\"><span class=\"mphb-attribute-title mphb-total-capacity-title\">G\u00e4ste:<\/span><span class=\"mphb-attribute-value\">\n\t4\n\t<\/span><\/li>\t\n\n\n\n\n\t<li class=\"mphb-room-type-size\"><span class=\"mphb-attribute-title mphb-size-title\">Gr\u00f6\u00dfe:<\/span><span class=\"mphb-attribute-value\">\n\t80m\u00b2\n\t<\/span><\/li>\n\t    <\/ul>\r\n\t\n\n<p>ACQUADUCI PLUS\u2606\u2606\u2606\u2606\u2606 Eleganz und Meer treffen in Sizilien aufeinander Stellen Sie sich vor, Sie \u00f6ffnen die Augen und blicken auf das unendliche Blau des Mittelmeers.Im Acquaduci Plus beginnt jeder Morgen mit dem Zauber des vom Meer hereinfallenden Lichts und dem Duft der Meeresbrise, die durch die gro\u00dfen Fenster weht. Genie\u00dfen Sie auf Ihrer privaten Terrasse [&hellip;]<\/p>\n\n\n<ul class=\"mphb-loop-room-type-attributes\">\n\n\n\n\t<li class=\"mphb-room-type-view\"><span class=\"mphb-attribute-title mphb-view-title\">Ansicht:<\/span><span class=\"mphb-attribute-value\">\n\tTerrasse mit Meerblick\n\t<\/span><\/li>\n\t\n\n\t<li class=\"mphb-room-type-bed-type\"><span  class=\"mphb-attribute-title mphb-bed-type-title\">Bettentyp:<\/span><span class=\"mphb-attribute-value\">\n\tKingsize-Bett + Doppelbett\n\t<\/span><\/li>\n\t\n\n\t<li class=\"mphb-room-type-categories\"><span class=\"mphb-attribute-title mphb-categories-title\">Kategorien:<\/span><span class=\"mphb-attribute-value\"> <span class=\"category-rooms\"><a href=\"https:\/\/www.acquaduci.it\/de\/accommodation-category\/rooms\/\">rooms<\/a><\/span><\/span><\/li>\n\t\n\n\t<li class=\"mphb-room-type-facilities\"><span class=\"mphb-attribute-title mphb-facilities-title\">Ausstattungen:<\/span><span class=\"mphb-attribute-value\"> <span class=\"facility-badezimmer-essentials\"><a href=\"https:\/\/www.acquaduci.it\/de\/accommodation-facility\/badezimmer-essentials\/\">Badezimmer-Essentials<\/a><\/span>, <span class=\"facility-flachbildfernseher\"><a href=\"https:\/\/www.acquaduci.it\/de\/accommodation-facility\/flachbildfernseher\/\">Flachbildfernseher<\/a><\/span>, <span class=\"facility-heizung\"><a href=\"https:\/\/www.acquaduci.it\/de\/accommodation-facility\/heizung\/\">Heizung<\/a><\/span>, <span class=\"facility-klimaanlage\"><a href=\"https:\/\/www.acquaduci.it\/de\/accommodation-facility\/klimaanlage\/\">Klimaanlage<\/a><\/span>, <span class=\"facility-parkplatz\"><a href=\"https:\/\/www.acquaduci.it\/de\/accommodation-facility\/parkplatz\/\">Parkplatz<\/a><\/span>, <span class=\"facility-schlafzimmerkomfort\"><a href=\"https:\/\/www.acquaduci.it\/de\/accommodation-facility\/schlafzimmerkomfort\/\">Schlafzimmerkomfort<\/a><\/span>, <span class=\"facility-wifi\"><a href=\"https:\/\/www.acquaduci.it\/de\/accommodation-facility\/wifi\/\">WiFi<\/a><\/span><\/span><\/li>\n\t\n<\/ul>            <\/div>\r\n\t\t            <div class=\"loop-room-book-wrapper\">\r\n\t\t\t\t\n\n\t<p class=\"mphb-regular-price\"><strong>Preis:<\/strong>\n\t<span class=\"mphb-price\"><span class=\"mphb-currency\">&euro;<\/span>250<\/span> <span class=\"mphb-price-period\" title=\"W\u00e4hlen Sie Daten, um relevante Preise zu sehen\">f\u00fcr 1 N\u00e4chte<\/span>\n\t<\/p>\n\t\n<div class=\"mphb-to-book-btn-wrapper\">\n<form action=\"https:\/\/www.acquaduci.it\/de\/accommodation\/acquaduci-plus\/#booking-form-2957\" method=\"get\" ><button type=\"submit\" class=\"button mphb-book-button\" >Buchen<\/button><\/form>\n<br\/><\/div>            <\/div>\r\n\t\t\r\n    <\/div>\r\n\t\r\n<\/div>\r\n\r\n    <\/div>\r\n\t<\/div><\/div><\/div><\/div><\/div><\/div>\n","protected":false},"excerpt":{"rendered":"<p>M\u00f6chten Sie, dass wir eine F\u00fchrung f\u00fcr Sie in Ortygia organisieren? Kontaktieren Sie mich per WhatsApp: Vincenzo +393201953795oder schreiben Sie mir eine E-Mail an info@acquaduci.it Wir arbeiten mit den besten Reiseleitern der Provinzen Ragusa und Syrakus zusammen.Die F\u00fchrungen finden auf Englisch oder Italienisch statt.<\/p>\n","protected":false},"author":3,"featured_media":0,"parent":2623,"menu_order":0,"comment_status":"closed","ping_status":"closed","template":"template-canvas-page.php","meta":{"_coblocks_attr":"","_coblocks_dimensions":"","_coblocks_responsive_height":"","_coblocks_accordion_ie_support":"","inline_featured_image":false,"_uag_custom_page_level_css":"","_joinchat":[],"footnotes":""},"class_list":["post-3260","page","type-page","status-publish","hentry"],"featured_image_src":null,"yoast_head":"<!-- This site is optimized with the Yoast SEO plugin v28.4 - https:\/\/yoast.com\/product\/yoast-seo-wordpress\/ -->\n<title>Gef\u00fchrte Tour durch Ortigia, Syracuse - Wir helfen Ihnen<\/title>\n<meta name=\"description\" content=\"Sie m\u00f6chten eine gef\u00fchrte Tour durch Ortigia in Syracuse organisieren, wissen aber nicht, an wen Sie sich wenden sollen? Wir arbeiten mit den besten Reiseleitern zusammen.\" \/>\n<meta name=\"robots\" content=\"index, follow, max-snippet:-1, max-image-preview:large, max-video-preview:-1\" \/>\n<link rel=\"canonical\" href=\"https:\/\/www.acquaduci.it\/de\/reiserouten\/syrakus-ortigia\/\" \/>\n<meta property=\"og:locale\" content=\"de_DE\" \/>\n<meta property=\"og:type\" content=\"article\" \/>\n<meta property=\"og:title\" content=\"Gef\u00fchrte Tour durch Ortigia, Syracuse - Wir helfen Ihnen\" \/>\n<meta property=\"og:description\" content=\"Sie m\u00f6chten eine gef\u00fchrte Tour durch Ortigia in Syracuse organisieren, wissen aber nicht, an wen Sie sich wenden sollen? Wir arbeiten mit den besten Reiseleitern zusammen.\" \/>\n<meta property=\"og:url\" content=\"https:\/\/www.acquaduci.it\/de\/reiserouten\/syrakus-ortigia\/\" \/>\n<meta property=\"og:site_name\" content=\"Acquaduci - Casa Vacanza fronte mare in Sicilia\" \/>\n<meta property=\"article:modified_time\" content=\"2026-03-13T16:54:39+00:00\" \/>\n<meta property=\"og:image\" content=\"https:\/\/www.acquaduci.it\/wp-content\/uploads\/2025\/10\/imgi_54_alevante_ristorante.jpg\" \/>\n\t<meta property=\"og:image:width\" content=\"765\" \/>\n\t<meta property=\"og:image:height\" content=\"1020\" \/>\n\t<meta property=\"og:image:type\" content=\"image\/jpeg\" \/>\n<meta name=\"twitter:card\" content=\"summary_large_image\" \/>\n<meta name=\"twitter:label1\" content=\"Gesch\u00e4tzte Lesezeit\" \/>\n\t<meta name=\"twitter:data1\" content=\"4\u00a0Minuten\" \/>\n<script type=\"application\/ld+json\" class=\"yoast-schema-graph\">{\"@context\":\"https:\\\/\\\/schema.org\",\"@graph\":[{\"@type\":\"WebPage\",\"@id\":\"https:\\\/\\\/www.acquaduci.it\\\/de\\\/reiserouten\\\/syrakus-ortigia\\\/\",\"url\":\"https:\\\/\\\/www.acquaduci.it\\\/de\\\/reiserouten\\\/syrakus-ortigia\\\/\",\"name\":\"Gef\u00fchrte Tour durch Ortigia, Syracuse - Wir helfen Ihnen\",\"isPartOf\":{\"@id\":\"https:\\\/\\\/www.acquaduci.it\\\/de\\\/#website\"},\"primaryImageOfPage\":{\"@id\":\"https:\\\/\\\/www.acquaduci.it\\\/de\\\/reiserouten\\\/syrakus-ortigia\\\/#primaryimage\"},\"image\":{\"@id\":\"https:\\\/\\\/www.acquaduci.it\\\/de\\\/reiserouten\\\/syrakus-ortigia\\\/#primaryimage\"},\"thumbnailUrl\":\"https:\\\/\\\/www.acquaduci.it\\\/wp-content\\\/uploads\\\/2025\\\/10\\\/imgi_54_alevante_ristorante.jpg\",\"datePublished\":\"2025-10-09T14:55:58+00:00\",\"dateModified\":\"2026-03-13T16:54:39+00:00\",\"description\":\"Sie m\u00f6chten eine gef\u00fchrte Tour durch Ortigia in Syracuse organisieren, wissen aber nicht, an wen Sie sich wenden sollen? Wir arbeiten mit den besten Reiseleitern zusammen.\",\"breadcrumb\":{\"@id\":\"https:\\\/\\\/www.acquaduci.it\\\/de\\\/reiserouten\\\/syrakus-ortigia\\\/#breadcrumb\"},\"inLanguage\":\"de\",\"potentialAction\":[{\"@type\":\"ReadAction\",\"target\":[\"https:\\\/\\\/www.acquaduci.it\\\/de\\\/reiserouten\\\/syrakus-ortigia\\\/\"]}]},{\"@type\":\"ImageObject\",\"inLanguage\":\"de\",\"@id\":\"https:\\\/\\\/www.acquaduci.it\\\/de\\\/reiserouten\\\/syrakus-ortigia\\\/#primaryimage\",\"url\":\"https:\\\/\\\/www.acquaduci.it\\\/wp-content\\\/uploads\\\/2025\\\/10\\\/imgi_54_alevante_ristorante.jpg\",\"contentUrl\":\"https:\\\/\\\/www.acquaduci.it\\\/wp-content\\\/uploads\\\/2025\\\/10\\\/imgi_54_alevante_ristorante.jpg\"},{\"@type\":\"BreadcrumbList\",\"@id\":\"https:\\\/\\\/www.acquaduci.it\\\/de\\\/reiserouten\\\/syrakus-ortigia\\\/#breadcrumb\",\"itemListElement\":[{\"@type\":\"ListItem\",\"position\":1,\"name\":\"Home\",\"item\":\"https:\\\/\\\/www.acquaduci.it\\\/de\\\/\"},{\"@type\":\"ListItem\",\"position\":2,\"name\":\"Reiserouten\",\"item\":\"https:\\\/\\\/www.acquaduci.it\\\/de\\\/reiserouten\\\/\"},{\"@type\":\"ListItem\",\"position\":3,\"name\":\"Syrakus-Ortigia\"}]},{\"@type\":\"WebSite\",\"@id\":\"https:\\\/\\\/www.acquaduci.it\\\/de\\\/#website\",\"url\":\"https:\\\/\\\/www.acquaduci.it\\\/de\\\/\",\"name\":\"Acquaduci - Casa Vacanza fronte mare in Sicilia\",\"description\":\"\",\"publisher\":{\"@id\":\"https:\\\/\\\/www.acquaduci.it\\\/de\\\/#organization\"},\"potentialAction\":[{\"@type\":\"SearchAction\",\"target\":{\"@type\":\"EntryPoint\",\"urlTemplate\":\"https:\\\/\\\/www.acquaduci.it\\\/de\\\/?s={search_term_string}\"},\"query-input\":{\"@type\":\"PropertyValueSpecification\",\"valueRequired\":true,\"valueName\":\"search_term_string\"}}],\"inLanguage\":\"de\"},{\"@type\":\"Organization\",\"@id\":\"https:\\\/\\\/www.acquaduci.it\\\/de\\\/#organization\",\"name\":\"Acquaduci\",\"alternateName\":\"Acquaduci\",\"url\":\"https:\\\/\\\/www.acquaduci.it\\\/de\\\/\",\"logo\":{\"@type\":\"ImageObject\",\"inLanguage\":\"de\",\"@id\":\"https:\\\/\\\/www.acquaduci.it\\\/de\\\/#\\\/schema\\\/logo\\\/image\\\/\",\"url\":\"https:\\\/\\\/www.acquaduci.it\\\/wp-content\\\/uploads\\\/2025\\\/10\\\/cropped-imgi_4_logo_acquaduci_BLUE_piccolo.png\",\"contentUrl\":\"https:\\\/\\\/www.acquaduci.it\\\/wp-content\\\/uploads\\\/2025\\\/10\\\/cropped-imgi_4_logo_acquaduci_BLUE_piccolo.png\",\"width\":281,\"height\":100,\"caption\":\"Acquaduci\"},\"image\":{\"@id\":\"https:\\\/\\\/www.acquaduci.it\\\/de\\\/#\\\/schema\\\/logo\\\/image\\\/\"},\"sameAs\":[\"https:\\\/\\\/www.instagram.com\\\/acquaduci?igsh=MXlreDNtZ2hzOG43\"]}]}<\/script>\n<!-- \/ Yoast SEO plugin. -->","yoast_head_json":{"title":"Gef\u00fchrte Tour durch Ortigia, Syracuse - Wir helfen Ihnen","description":"Sie m\u00f6chten eine gef\u00fchrte Tour durch Ortigia in Syracuse organisieren, wissen aber nicht, an wen Sie sich wenden sollen? Wir arbeiten mit den besten Reiseleitern zusammen.","robots":{"index":"index","follow":"follow","max-snippet":"max-snippet:-1","max-image-preview":"max-image-preview:large","max-video-preview":"max-video-preview:-1"},"canonical":"https:\/\/www.acquaduci.it\/de\/reiserouten\/syrakus-ortigia\/","og_locale":"de_DE","og_type":"article","og_title":"Gef\u00fchrte Tour durch Ortigia, Syracuse - Wir helfen Ihnen","og_description":"Sie m\u00f6chten eine gef\u00fchrte Tour durch Ortigia in Syracuse organisieren, wissen aber nicht, an wen Sie sich wenden sollen? Wir arbeiten mit den besten Reiseleitern zusammen.","og_url":"https:\/\/www.acquaduci.it\/de\/reiserouten\/syrakus-ortigia\/","og_site_name":"Acquaduci - Casa Vacanza fronte mare in Sicilia","article_modified_time":"2026-03-13T16:54:39+00:00","og_image":[{"width":765,"height":1020,"url":"https:\/\/www.acquaduci.it\/wp-content\/uploads\/2025\/10\/imgi_54_alevante_ristorante.jpg","type":"image\/jpeg"}],"twitter_card":"summary_large_image","twitter_misc":{"Gesch\u00e4tzte Lesezeit":"4\u00a0Minuten"},"schema":{"@context":"https:\/\/schema.org","@graph":[{"@type":"WebPage","@id":"https:\/\/www.acquaduci.it\/de\/reiserouten\/syrakus-ortigia\/","url":"https:\/\/www.acquaduci.it\/de\/reiserouten\/syrakus-ortigia\/","name":"Gef\u00fchrte Tour durch Ortigia, Syracuse - Wir helfen Ihnen","isPartOf":{"@id":"https:\/\/www.acquaduci.it\/de\/#website"},"primaryImageOfPage":{"@id":"https:\/\/www.acquaduci.it\/de\/reiserouten\/syrakus-ortigia\/#primaryimage"},"image":{"@id":"https:\/\/www.acquaduci.it\/de\/reiserouten\/syrakus-ortigia\/#primaryimage"},"thumbnailUrl":"https:\/\/www.acquaduci.it\/wp-content\/uploads\/2025\/10\/imgi_54_alevante_ristorante.jpg","datePublished":"2025-10-09T14:55:58+00:00","dateModified":"2026-03-13T16:54:39+00:00","description":"Sie m\u00f6chten eine gef\u00fchrte Tour durch Ortigia in Syracuse organisieren, wissen aber nicht, an wen Sie sich wenden sollen? Wir arbeiten mit den besten Reiseleitern zusammen.","breadcrumb":{"@id":"https:\/\/www.acquaduci.it\/de\/reiserouten\/syrakus-ortigia\/#breadcrumb"},"inLanguage":"de","potentialAction":[{"@type":"ReadAction","target":["https:\/\/www.acquaduci.it\/de\/reiserouten\/syrakus-ortigia\/"]}]},{"@type":"ImageObject","inLanguage":"de","@id":"https:\/\/www.acquaduci.it\/de\/reiserouten\/syrakus-ortigia\/#primaryimage","url":"https:\/\/www.acquaduci.it\/wp-content\/uploads\/2025\/10\/imgi_54_alevante_ristorante.jpg","contentUrl":"https:\/\/www.acquaduci.it\/wp-content\/uploads\/2025\/10\/imgi_54_alevante_ristorante.jpg"},{"@type":"BreadcrumbList","@id":"https:\/\/www.acquaduci.it\/de\/reiserouten\/syrakus-ortigia\/#breadcrumb","itemListElement":[{"@type":"ListItem","position":1,"name":"Home","item":"https:\/\/www.acquaduci.it\/de\/"},{"@type":"ListItem","position":2,"name":"Reiserouten","item":"https:\/\/www.acquaduci.it\/de\/reiserouten\/"},{"@type":"ListItem","position":3,"name":"Syrakus-Ortigia"}]},{"@type":"WebSite","@id":"https:\/\/www.acquaduci.it\/de\/#website","url":"https:\/\/www.acquaduci.it\/de\/","name":"Acquaduci - Casa Vacanza fronte mare in Sicilia","description":"","publisher":{"@id":"https:\/\/www.acquaduci.it\/de\/#organization"},"potentialAction":[{"@type":"SearchAction","target":{"@type":"EntryPoint","urlTemplate":"https:\/\/www.acquaduci.it\/de\/?s={search_term_string}"},"query-input":{"@type":"PropertyValueSpecification","valueRequired":true,"valueName":"search_term_string"}}],"inLanguage":"de"},{"@type":"Organization","@id":"https:\/\/www.acquaduci.it\/de\/#organization","name":"Acquaduci","alternateName":"Acquaduci","url":"https:\/\/www.acquaduci.it\/de\/","logo":{"@type":"ImageObject","inLanguage":"de","@id":"https:\/\/www.acquaduci.it\/de\/#\/schema\/logo\/image\/","url":"https:\/\/www.acquaduci.it\/wp-content\/uploads\/2025\/10\/cropped-imgi_4_logo_acquaduci_BLUE_piccolo.png","contentUrl":"https:\/\/www.acquaduci.it\/wp-content\/uploads\/2025\/10\/cropped-imgi_4_logo_acquaduci_BLUE_piccolo.png","width":281,"height":100,"caption":"Acquaduci"},"image":{"@id":"https:\/\/www.acquaduci.it\/de\/#\/schema\/logo\/image\/"},"sameAs":["https:\/\/www.instagram.com\/acquaduci?igsh=MXlreDNtZ2hzOG43"]}]}},"uagb_featured_image_src":{"full":false,"thumbnail":false,"medium":false,"medium_large":false,"large":false,"1536x1536":false,"2048x2048":false,"post-thumbnail":false,"booklium-large":false,"booklium-square":false},"uagb_author_info":{"display_name":"excellence_D","author_link":"https:\/\/www.acquaduci.it\/de\/author\/excellence_d\/"},"uagb_comment_info":0,"uagb_excerpt":"M\u00f6chten Sie, dass wir eine F\u00fchrung f\u00fcr Sie in Ortygia organisieren? Kontaktieren Sie mich per WhatsApp: Vincenzo +393201953795oder schreiben Sie mir eine E-Mail an info@acquaduci.it Wir arbeiten mit den besten Reiseleitern der Provinzen Ragusa und Syrakus zusammen.Die F\u00fchrungen finden auf Englisch oder Italienisch statt.","_links":{"self":[{"href":"https:\/\/www.acquaduci.it\/de\/wp-json\/wp\/v2\/pages\/3260","targetHints":{"allow":["GET"]}}],"collection":[{"href":"https:\/\/www.acquaduci.it\/de\/wp-json\/wp\/v2\/pages"}],"about":[{"href":"https:\/\/www.acquaduci.it\/de\/wp-json\/wp\/v2\/types\/page"}],"author":[{"embeddable":true,"href":"https:\/\/www.acquaduci.it\/de\/wp-json\/wp\/v2\/users\/3"}],"replies":[{"embeddable":true,"href":"https:\/\/www.acquaduci.it\/de\/wp-json\/wp\/v2\/comments?post=3260"}],"version-history":[{"count":0,"href":"https:\/\/www.acquaduci.it\/de\/wp-json\/wp\/v2\/pages\/3260\/revisions"}],"up":[{"embeddable":true,"href":"https:\/\/www.acquaduci.it\/de\/wp-json\/wp\/v2\/pages\/2623"}],"wp:attachment":[{"href":"https:\/\/www.acquaduci.it\/de\/wp-json\/wp\/v2\/media?parent=3260"}],"curies":[{"name":"wp","href":"https:\/\/api.w.org\/{rel}","templated":true}]}}